{"id":2543,"date":"2019-04-30T12:42:37","date_gmt":"2019-04-30T12:42:37","guid":{"rendered":"http:\/\/musikaliaelkartea.eus\/?page_id=2543"},"modified":"2019-05-02T20:17:55","modified_gmt":"2019-05-02T20:17:55","slug":"musikalia-banda","status":"publish","type":"page","link":"http:\/\/musikaliaelkartea.eus\/es\/musikalia-banda\/","title":{"rendered":"Banda Musikalia"},"content":{"rendered":"<p><\/p>\n<h2>QUIENES SOMOS<\/h2>\n<p>La Banda de Musikalia es un grupo musical gestionado por la Asociaci\u00f3n Musikalia. Bajo el amparo de la asociaci\u00f3n, comenzamos nuestra aventura en 2015. El principal objetivo es llevar la m\u00fasica a la calle, ofreciendo algunos conciertos a lo largo del a\u00f1o en diferentes barrios del pueblo.<\/p>\n<p>Tambi\u00e9n, a aquellos alumnos y alumnas que terminan su ciclo formativo en la escuela de m\u00fasica se les brinda la oportunidad de seguir participando de la m\u00fasica. El grupo est\u00e1 formado por m\u00fasicas y m\u00fasicos de diferentes edades, en el que la buena cohesi\u00f3n y el ambiente de trabajo excepcional son los protagonistas.<\/p>\n<p><img data-recalc-dims=\"1\" fetchpriority=\"high\" decoding=\"async\" data-attachment-id=\"1602\" data-permalink=\"http:\/\/musikaliaelkartea.eus\/es\/2018\/07\/03\/ez-ohiko-instrumentuek-plaza-hartu-zuten\/diseno-sin-titulo\/\" data-orig-file=\"https:\/\/i0.wp.com\/musikaliaelkartea.eus\/wp-content\/uploads\/2018\/07\/Dise%C3%B1o-sin-t%C3%ADtulo.png?fit=820%2C312\" data-orig-size=\"820,312\" data-comments-opened=\"1\" data-image-meta=\"{&quot;aperture&quot;:&quot;0&quot;,&quot;credit&quot;:&quot;&quot;,&quot;camera&quot;:&quot;&quot;,&quot;caption&quot;:&quot;&quot;,&quot;created_timestamp&quot;:&quot;0&quot;,&quot;copyright&quot;:&quot;&quot;,&quot;focal_length&quot;:&quot;0&quot;,&quot;iso&quot;:&quot;0&quot;,&quot;shutter_speed&quot;:&quot;0&quot;,&quot;title&quot;:&quot;&quot;,&quot;orientation&quot;:&quot;0&quot;}\" data-image-title=\"Dise\u00f1o sin t\u00edtulo\" data-image-description=\"\" data-image-caption=\"\" data-large-file=\"https:\/\/i0.wp.com\/musikaliaelkartea.eus\/wp-content\/uploads\/2018\/07\/Dise%C3%B1o-sin-t%C3%ADtulo.png?fit=820%2C312\" class=\"wp-image-1602 size-apostrophe-logo aligncenter\" src=\"https:\/\/i0.wp.com\/musikaliaelkartea.eus\/wp-content\/uploads\/2018\/07\/Dise%C3%B1o-sin-t%C3%ADtulo.png?resize=723%2C275\" alt=\"\" width=\"723\" height=\"275\" srcset=\"https:\/\/i0.wp.com\/musikaliaelkartea.eus\/wp-content\/uploads\/2018\/07\/Dise%C3%B1o-sin-t%C3%ADtulo.png?resize=788%2C300 788w, https:\/\/i0.wp.com\/musikaliaelkartea.eus\/wp-content\/uploads\/2018\/07\/Dise%C3%B1o-sin-t%C3%ADtulo.png?resize=300%2C114 300w, https:\/\/i0.wp.com\/musikaliaelkartea.eus\/wp-content\/uploads\/2018\/07\/Dise%C3%B1o-sin-t%C3%ADtulo.png?resize=768%2C292 768w, https:\/\/i0.wp.com\/musikaliaelkartea.eus\/wp-content\/uploads\/2018\/07\/Dise%C3%B1o-sin-t%C3%ADtulo.png?w=820 820w\" sizes=\"(max-width: 723px) 100vw, 723px\" \/><\/p>\n<h2>ANE LEGARRETA (DIRECTORA)<\/h2>\n<p><img data-recalc-dims=\"1\" loading=\"lazy\" decoding=\"async\" data-attachment-id=\"1616\" data-permalink=\"http:\/\/musikaliaelkartea.eus\/es\/?attachment_id=1616\" data-orig-file=\"https:\/\/i0.wp.com\/musikaliaelkartea.eus\/wp-content\/uploads\/2018\/07\/Optimized-_MG_3165.jpg?fit=1200%2C800\" data-orig-size=\"1200,800\" data-comments-opened=\"1\" data-image-meta=\"{&quot;aperture&quot;:&quot;0&quot;,&quot;credit&quot;:&quot;&quot;,&quot;camera&quot;:&quot;&quot;,&quot;caption&quot;:&quot;&quot;,&quot;created_timestamp&quot;:&quot;0&quot;,&quot;copyright&quot;:&quot;&quot;,&quot;focal_length&quot;:&quot;0&quot;,&quot;iso&quot;:&quot;0&quot;,&quot;shutter_speed&quot;:&quot;0&quot;,&quot;title&quot;:&quot;&quot;,&quot;orientation&quot;:&quot;0&quot;}\" data-image-title=\"Optimized-_MG_3165\" data-image-description=\"\" data-image-caption=\"\" data-large-file=\"https:\/\/i0.wp.com\/musikaliaelkartea.eus\/wp-content\/uploads\/2018\/07\/Optimized-_MG_3165.jpg?fit=1024%2C683\" class=\"alignright wp-image-1616 \" src=\"https:\/\/i0.wp.com\/musikaliaelkartea.eus\/wp-content\/uploads\/2018\/07\/Optimized-_MG_3165.jpg?resize=340%2C340\" alt=\"\" width=\"340\" height=\"340\" srcset=\"https:\/\/i0.wp.com\/musikaliaelkartea.eus\/wp-content\/uploads\/2018\/07\/Optimized-_MG_3165.jpg?resize=550%2C550 550w, https:\/\/i0.wp.com\/musikaliaelkartea.eus\/wp-content\/uploads\/2018\/07\/Optimized-_MG_3165.jpg?resize=150%2C150 150w, https:\/\/i0.wp.com\/musikaliaelkartea.eus\/wp-content\/uploads\/2018\/07\/Optimized-_MG_3165.jpg?resize=450%2C450 450w, https:\/\/i0.wp.com\/musikaliaelkartea.eus\/wp-content\/uploads\/2018\/07\/Optimized-_MG_3165.jpg?resize=60%2C60 60w, https:\/\/i0.wp.com\/musikaliaelkartea.eus\/wp-content\/uploads\/2018\/07\/Optimized-_MG_3165.jpg?resize=45%2C45 45w, https:\/\/i0.wp.com\/musikaliaelkartea.eus\/wp-content\/uploads\/2018\/07\/Optimized-_MG_3165.jpg?zoom=2&amp;resize=340%2C340 680w, https:\/\/i0.wp.com\/musikaliaelkartea.eus\/wp-content\/uploads\/2018\/07\/Optimized-_MG_3165.jpg?zoom=3&amp;resize=340%2C340 1020w\" sizes=\"(max-width: 340px) 100vw, 340px\" \/><\/p>\n<p>Tiene 24 a\u00f1os y vive en Galdakao. Estudi\u00f3 direcci\u00f3n de orquesta en Musikene (Centro de m\u00fasica superior del Pa\u00eds Vasco), Donosti. En este momento est\u00e1 cursando el master de direcci\u00f3n en Madrid. En abril del 2017, comenz\u00f3 como directora de la banda de Musikalia y su primer proyecto fue el concierto \u201cUrko Herrikoi\u201d en junio de ese mismo a\u00f1o.<\/p>\n<p>Tambi\u00e9n es directora del coro Biotz Alai Txiki de Algorta y dirigi\u00f3 a la banda de Galdakao \u201cDa Capo\u201d, siendo tambi\u00e9n directora invitada de la orquesta de Behotsik en Bilbao y directora del coro de Arratia. Hoy en d\u00eda, compagina la direcci\u00f3n de la banda de Musikalia y sus estudios con la participaci\u00f3n en diferentes programas de radio.<\/p>\n<hr \/>\n<h2>PROYECTOS REALIZADOS<\/h2>\n<p><span class=\"embed-youtube\" style=\"text-align:center; display: block;\"><iframe class=\"youtube-player\" width=\"1300\" height=\"732\" src=\"https:\/\/www.youtube.com\/embed\/wTQ_xflY69E?version=3&#038;rel=1&#038;showsearch=0&#038;showinfo=1&#038;iv_load_policy=1&#038;fs=1&#038;hl=es-ES&#038;autohide=2&#038;start=39&#038;wmode=transparent\" allowfullscreen=\"true\" style=\"border:0;\" sandbox=\"allow-scripts allow-same-origin allow-popups allow-presentation allow-popups-to-escape-sandbox\"><\/iframe><\/span><\/p>\n<p><span class=\"embed-youtube\" style=\"text-align:center; display: block;\"><iframe class=\"youtube-player\" width=\"1300\" height=\"732\" src=\"https:\/\/www.youtube.com\/embed\/af2kbBdkyRs?version=3&#038;rel=1&#038;showsearch=0&#038;showinfo=1&#038;iv_load_policy=1&#038;fs=1&#038;hl=es-ES&#038;autohide=2&#038;start=5&#038;wmode=transparent\" allowfullscreen=\"true\" style=\"border:0;\" sandbox=\"allow-scripts allow-same-origin allow-popups allow-presentation allow-popups-to-escape-sandbox\"><\/iframe><\/span><\/p>\n<p><a href=\"http:\/\/musikaliaelkartea.eus\/es\/eman-izena-elkarteko-lagun\/\"><img data-recalc-dims=\"1\" loading=\"lazy\" decoding=\"async\" data-attachment-id=\"2588\" data-permalink=\"http:\/\/musikaliaelkartea.eus\/es\/musikalia-banda\/animation-4\/\" data-orig-file=\"https:\/\/i0.wp.com\/musikaliaelkartea.eus\/wp-content\/uploads\/2019\/05\/animation.gif?fit=1200%2C300\" data-orig-size=\"1200,300\" data-comments-opened=\"1\" data-image-meta=\"{&quot;aperture&quot;:&quot;0&quot;,&quot;credit&quot;:&quot;&quot;,&quot;camera&quot;:&quot;&quot;,&quot;caption&quot;:&quot;&quot;,&quot;created_timestamp&quot;:&quot;0&quot;,&quot;copyright&quot;:&quot;&quot;,&quot;focal_length&quot;:&quot;0&quot;,&quot;iso&quot;:&quot;0&quot;,&quot;shutter_speed&quot;:&quot;0&quot;,&quot;title&quot;:&quot;&quot;,&quot;orientation&quot;:&quot;0&quot;}\" data-image-title=\"animation\" data-image-description=\"\" data-image-caption=\"\" data-large-file=\"https:\/\/i0.wp.com\/musikaliaelkartea.eus\/wp-content\/uploads\/2019\/05\/animation.gif?fit=1024%2C256\" class=\"aligncenter wp-image-2588 size-full\" src=\"https:\/\/i0.wp.com\/musikaliaelkartea.eus\/wp-content\/uploads\/2019\/05\/animation.gif?resize=1200%2C300\" alt=\"\" width=\"1200\" height=\"300\" \/><\/a><\/p>","protected":false},"excerpt":{"rendered":"<p>QUIENES SOMOS La Banda de Musikalia es un grupo musical gestionado por la Asociaci\u00f3n Musikalia. Bajo el amparo de la asociaci\u00f3n, comenzamos nuestra aventura en<a href=\"http:\/\/musikaliaelkartea.eus\/es\/musikalia-banda\/\" class=\"more-link\">View More<\/a><\/p>\n","protected":false},"author":1,"featured_media":2264,"parent":0,"menu_order":0,"comment_status":"closed","ping_status":"closed","template":"","meta":{"jetpack_post_was_ever_published":false,"footnotes":""},"class_list":["post-2543","page","type-page","status-publish","has-post-thumbnail","hentry"],"yoast_head":"<!-- This site is optimized with the Yoast SEO plugin v27.4 - https:\/\/yoast.com\/product\/yoast-seo-wordpress\/ -->\n<title>Banda Musikalia - Musikalia Elkartea<\/title>\n<meta name=\"robots\" content=\"index, follow, max-snippet:-1, max-image-preview:large, max-video-preview:-1\" \/>\n<link rel=\"canonical\" href=\"http:\/\/musikaliaelkartea.eus\/es\/musikalia-banda\/\" \/>\n<meta property=\"og:locale\" content=\"es_ES\" \/>\n<meta property=\"og:type\" content=\"article\" \/>\n<meta property=\"og:title\" content=\"[:eu]Musikalia banda[:es]Banda Musikalia[:] - Musikalia Elkartea\" \/>\n<meta property=\"og:description\" content=\"QUIENES SOMOS La Banda de Musikalia es un grupo musical gestionado por la Asociaci\u00f3n Musikalia. Bajo el amparo de la asociaci\u00f3n, comenzamos nuestra aventura enView More\" \/>\n<meta property=\"og:url\" content=\"http:\/\/musikaliaelkartea.eus\/es\/musikalia-banda\/\" \/>\n<meta property=\"og:site_name\" content=\"Musikalia Elkartea\" \/>\n<meta property=\"article:publisher\" content=\"https:\/\/www.facebook.com\/musikaliaelkartea\" \/>\n<meta property=\"article:modified_time\" content=\"2019-05-02T20:17:55+00:00\" \/>\n<meta property=\"og:image\" content=\"https:\/\/i0.wp.com\/musikaliaelkartea.eus\/wp-content\/uploads\/2019\/04\/1.png?fit=900%2C480\" \/>\n\t<meta property=\"og:image:width\" content=\"900\" \/>\n\t<meta property=\"og:image:height\" content=\"480\" \/>\n\t<meta property=\"og:image:type\" content=\"image\/png\" \/>\n<meta name=\"twitter:card\" content=\"summary_large_image\" \/>\n<meta name=\"twitter:label1\" content=\"Tiempo de lectura\" \/>\n\t<meta name=\"twitter:data1\" content=\"2 minutos\" \/>\n<script type=\"application\/ld+json\" class=\"yoast-schema-graph\">{\"@context\":\"https:\\\/\\\/schema.org\",\"@graph\":[{\"@type\":\"WebPage\",\"@id\":\"http:\\\/\\\/musikaliaelkartea.eus\\\/es\\\/musikalia-banda\\\/\",\"url\":\"http:\\\/\\\/musikaliaelkartea.eus\\\/es\\\/musikalia-banda\\\/\",\"name\":\"[:eu]Musikalia banda[:es]Banda Musikalia[:] - Musikalia Elkartea\",\"isPartOf\":{\"@id\":\"https:\\\/\\\/musikaliaelkartea.eus\\\/es\\\/#website\"},\"primaryImageOfPage\":{\"@id\":\"http:\\\/\\\/musikaliaelkartea.eus\\\/es\\\/musikalia-banda\\\/#primaryimage\"},\"image\":{\"@id\":\"http:\\\/\\\/musikaliaelkartea.eus\\\/es\\\/musikalia-banda\\\/#primaryimage\"},\"thumbnailUrl\":\"https:\\\/\\\/i0.wp.com\\\/musikaliaelkartea.eus\\\/wp-content\\\/uploads\\\/2019\\\/04\\\/1.png?fit=900%2C480\",\"datePublished\":\"2019-04-30T12:42:37+00:00\",\"dateModified\":\"2019-05-02T20:17:55+00:00\",\"breadcrumb\":{\"@id\":\"http:\\\/\\\/musikaliaelkartea.eus\\\/es\\\/musikalia-banda\\\/#breadcrumb\"},\"inLanguage\":\"es\",\"potentialAction\":[{\"@type\":\"ReadAction\",\"target\":[\"http:\\\/\\\/musikaliaelkartea.eus\\\/es\\\/musikalia-banda\\\/\"]}]},{\"@type\":\"ImageObject\",\"inLanguage\":\"es\",\"@id\":\"http:\\\/\\\/musikaliaelkartea.eus\\\/es\\\/musikalia-banda\\\/#primaryimage\",\"url\":\"https:\\\/\\\/i0.wp.com\\\/musikaliaelkartea.eus\\\/wp-content\\\/uploads\\\/2019\\\/04\\\/1.png?fit=900%2C480\",\"contentUrl\":\"https:\\\/\\\/i0.wp.com\\\/musikaliaelkartea.eus\\\/wp-content\\\/uploads\\\/2019\\\/04\\\/1.png?fit=900%2C480\",\"width\":900,\"height\":480},{\"@type\":\"BreadcrumbList\",\"@id\":\"http:\\\/\\\/musikaliaelkartea.eus\\\/es\\\/musikalia-banda\\\/#breadcrumb\",\"itemListElement\":[{\"@type\":\"ListItem\",\"position\":1,\"name\":\"Home\",\"item\":\"https:\\\/\\\/musikaliaelkartea.eus\\\/es\\\/\"},{\"@type\":\"ListItem\",\"position\":2,\"name\":\"Banda Musikalia\"}]},{\"@type\":\"WebSite\",\"@id\":\"https:\\\/\\\/musikaliaelkartea.eus\\\/es\\\/#website\",\"url\":\"https:\\\/\\\/musikaliaelkartea.eus\\\/es\\\/\",\"name\":\"Musikalia Elkartea\",\"description\":\"\",\"publisher\":{\"@id\":\"https:\\\/\\\/musikaliaelkartea.eus\\\/es\\\/#organization\"},\"potentialAction\":[{\"@type\":\"SearchAction\",\"target\":{\"@type\":\"EntryPoint\",\"urlTemplate\":\"https:\\\/\\\/musikaliaelkartea.eus\\\/es\\\/?s={search_term_string}\"},\"query-input\":{\"@type\":\"PropertyValueSpecification\",\"valueRequired\":true,\"valueName\":\"search_term_string\"}}],\"inLanguage\":\"es\"},{\"@type\":\"Organization\",\"@id\":\"https:\\\/\\\/musikaliaelkartea.eus\\\/es\\\/#organization\",\"name\":\"Getxoko Andres Isasi Musikalia Elkartea\",\"url\":\"https:\\\/\\\/musikaliaelkartea.eus\\\/es\\\/\",\"logo\":{\"@type\":\"ImageObject\",\"inLanguage\":\"es\",\"@id\":\"https:\\\/\\\/musikaliaelkartea.eus\\\/es\\\/#\\\/schema\\\/logo\\\/image\\\/\",\"url\":\"https:\\\/\\\/i0.wp.com\\\/musikaliaelkartea.eus\\\/wp-content\\\/uploads\\\/2025\\\/03\\\/cropped-MUSIKALIA-LOGO-LARGO.png?fit=5455%2C1928\",\"contentUrl\":\"https:\\\/\\\/i0.wp.com\\\/musikaliaelkartea.eus\\\/wp-content\\\/uploads\\\/2025\\\/03\\\/cropped-MUSIKALIA-LOGO-LARGO.png?fit=5455%2C1928\",\"width\":5455,\"height\":1928,\"caption\":\"Getxoko Andres Isasi Musikalia Elkartea\"},\"image\":{\"@id\":\"https:\\\/\\\/musikaliaelkartea.eus\\\/es\\\/#\\\/schema\\\/logo\\\/image\\\/\"},\"sameAs\":[\"https:\\\/\\\/www.facebook.com\\\/musikaliaelkartea\",\"https:\\\/\\\/www.instagram.com\\\/musikaliaelkartea\\\/\",\"https:\\\/\\\/www.youtube.com\\\/channel\\\/UCYG_UH_Rv-34wbmS8nQ7mpg\"]}]}<\/script>\n<!-- \/ Yoast SEO plugin. -->","yoast_head_json":{"title":"[:eu]Musikalia banda[:es]Banda Musikalia[:] - Musikalia Elkartea","robots":{"index":"index","follow":"follow","max-snippet":"max-snippet:-1","max-image-preview":"max-image-preview:large","max-video-preview":"max-video-preview:-1"},"canonical":"http:\/\/musikaliaelkartea.eus\/es\/musikalia-banda\/","og_locale":"es_ES","og_type":"article","og_title":"[:eu]Musikalia banda[:es]Banda Musikalia[:] - Musikalia Elkartea","og_description":"QUIENES SOMOS La Banda de Musikalia es un grupo musical gestionado por la Asociaci\u00f3n Musikalia. Bajo el amparo de la asociaci\u00f3n, comenzamos nuestra aventura enView More","og_url":"http:\/\/musikaliaelkartea.eus\/es\/musikalia-banda\/","og_site_name":"Musikalia Elkartea","article_publisher":"https:\/\/www.facebook.com\/musikaliaelkartea","article_modified_time":"2019-05-02T20:17:55+00:00","og_image":[{"width":900,"height":480,"url":"https:\/\/i0.wp.com\/musikaliaelkartea.eus\/wp-content\/uploads\/2019\/04\/1.png?fit=900%2C480","type":"image\/png"}],"twitter_card":"summary_large_image","twitter_misc":{"Tiempo de lectura":"2 minutos"},"schema":{"@context":"https:\/\/schema.org","@graph":[{"@type":"WebPage","@id":"http:\/\/musikaliaelkartea.eus\/es\/musikalia-banda\/","url":"http:\/\/musikaliaelkartea.eus\/es\/musikalia-banda\/","name":"[:eu]Musikalia banda[:es]Banda Musikalia[:] - Musikalia Elkartea","isPartOf":{"@id":"https:\/\/musikaliaelkartea.eus\/es\/#website"},"primaryImageOfPage":{"@id":"http:\/\/musikaliaelkartea.eus\/es\/musikalia-banda\/#primaryimage"},"image":{"@id":"http:\/\/musikaliaelkartea.eus\/es\/musikalia-banda\/#primaryimage"},"thumbnailUrl":"https:\/\/i0.wp.com\/musikaliaelkartea.eus\/wp-content\/uploads\/2019\/04\/1.png?fit=900%2C480","datePublished":"2019-04-30T12:42:37+00:00","dateModified":"2019-05-02T20:17:55+00:00","breadcrumb":{"@id":"http:\/\/musikaliaelkartea.eus\/es\/musikalia-banda\/#breadcrumb"},"inLanguage":"es","potentialAction":[{"@type":"ReadAction","target":["http:\/\/musikaliaelkartea.eus\/es\/musikalia-banda\/"]}]},{"@type":"ImageObject","inLanguage":"es","@id":"http:\/\/musikaliaelkartea.eus\/es\/musikalia-banda\/#primaryimage","url":"https:\/\/i0.wp.com\/musikaliaelkartea.eus\/wp-content\/uploads\/2019\/04\/1.png?fit=900%2C480","contentUrl":"https:\/\/i0.wp.com\/musikaliaelkartea.eus\/wp-content\/uploads\/2019\/04\/1.png?fit=900%2C480","width":900,"height":480},{"@type":"BreadcrumbList","@id":"http:\/\/musikaliaelkartea.eus\/es\/musikalia-banda\/#breadcrumb","itemListElement":[{"@type":"ListItem","position":1,"name":"Home","item":"https:\/\/musikaliaelkartea.eus\/es\/"},{"@type":"ListItem","position":2,"name":"Banda Musikalia"}]},{"@type":"WebSite","@id":"https:\/\/musikaliaelkartea.eus\/es\/#website","url":"https:\/\/musikaliaelkartea.eus\/es\/","name":"Musikalia Elkartea","description":"","publisher":{"@id":"https:\/\/musikaliaelkartea.eus\/es\/#organization"},"potentialAction":[{"@type":"SearchAction","target":{"@type":"EntryPoint","urlTemplate":"https:\/\/musikaliaelkartea.eus\/es\/?s={search_term_string}"},"query-input":{"@type":"PropertyValueSpecification","valueRequired":true,"valueName":"search_term_string"}}],"inLanguage":"es"},{"@type":"Organization","@id":"https:\/\/musikaliaelkartea.eus\/es\/#organization","name":"Getxoko Andres Isasi Musikalia Elkartea","url":"https:\/\/musikaliaelkartea.eus\/es\/","logo":{"@type":"ImageObject","inLanguage":"es","@id":"https:\/\/musikaliaelkartea.eus\/es\/#\/schema\/logo\/image\/","url":"https:\/\/i0.wp.com\/musikaliaelkartea.eus\/wp-content\/uploads\/2025\/03\/cropped-MUSIKALIA-LOGO-LARGO.png?fit=5455%2C1928","contentUrl":"https:\/\/i0.wp.com\/musikaliaelkartea.eus\/wp-content\/uploads\/2025\/03\/cropped-MUSIKALIA-LOGO-LARGO.png?fit=5455%2C1928","width":5455,"height":1928,"caption":"Getxoko Andres Isasi Musikalia Elkartea"},"image":{"@id":"https:\/\/musikaliaelkartea.eus\/es\/#\/schema\/logo\/image\/"},"sameAs":["https:\/\/www.facebook.com\/musikaliaelkartea","https:\/\/www.instagram.com\/musikaliaelkartea\/","https:\/\/www.youtube.com\/channel\/UCYG_UH_Rv-34wbmS8nQ7mpg"]}]}},"jetpack_sharing_enabled":true,"jetpack_shortlink":"https:\/\/wp.me\/P8OhQz-F1","_links":{"self":[{"href":"http:\/\/musikaliaelkartea.eus\/es\/wp-json\/wp\/v2\/pages\/2543","targetHints":{"allow":["GET"]}}],"collection":[{"href":"http:\/\/musikaliaelkartea.eus\/es\/wp-json\/wp\/v2\/pages"}],"about":[{"href":"http:\/\/musikaliaelkartea.eus\/es\/wp-json\/wp\/v2\/types\/page"}],"author":[{"embeddable":true,"href":"http:\/\/musikaliaelkartea.eus\/es\/wp-json\/wp\/v2\/users\/1"}],"replies":[{"embeddable":true,"href":"http:\/\/musikaliaelkartea.eus\/es\/wp-json\/wp\/v2\/comments?post=2543"}],"version-history":[{"count":8,"href":"http:\/\/musikaliaelkartea.eus\/es\/wp-json\/wp\/v2\/pages\/2543\/revisions"}],"predecessor-version":[{"id":2600,"href":"http:\/\/musikaliaelkartea.eus\/es\/wp-json\/wp\/v2\/pages\/2543\/revisions\/2600"}],"wp:featuredmedia":[{"embeddable":true,"href":"http:\/\/musikaliaelkartea.eus\/es\/wp-json\/wp\/v2\/media\/2264"}],"wp:attachment":[{"href":"http:\/\/musikaliaelkartea.eus\/es\/wp-json\/wp\/v2\/media?parent=2543"}],"curies":[{"name":"wp","href":"https:\/\/api.w.org\/{rel}","templated":true}]}}