{"id":2279,"date":"2019-04-11T13:21:48","date_gmt":"2019-04-11T13:21:48","guid":{"rendered":"http:\/\/musikaliaelkartea.eus\/?page_id=2279"},"modified":"2019-05-21T13:08:14","modified_gmt":"2019-05-21T13:08:14","slug":"kolaboratzaileak","status":"publish","type":"page","link":"http:\/\/musikaliaelkartea.eus\/es\/kolaboratzaileak\/","title":{"rendered":"Colaboradores"},"content":{"rendered":"<div class=\"wp-block-columns has-2-columns\">\r\n<div class=\"wp-block-column is-layout-flow wp-block-column-is-layout-flow\"><\/div>\r\n<\/div>\r\n<figure class=\"wp-block-image\"><a href=\"http:\/\/musikaliaelkartea.eus\/es\/eman-izena-elkarteko-lagun\/\"><img data-recalc-dims=\"1\" fetchpriority=\"high\" decoding=\"async\" data-attachment-id=\"2112\" data-permalink=\"http:\/\/musikaliaelkartea.eus\/es\/2019\/02\/10\/egin-zaitez-elkarteko-lagun\/egin-zaitez-lagun-1\/\" data-orig-file=\"https:\/\/i0.wp.com\/musikaliaelkartea.eus\/wp-content\/uploads\/2019\/02\/egin-zaitez-lagun-1.png?fit=1200%2C300\" data-orig-size=\"1200,300\" data-comments-opened=\"1\" data-image-meta=\"{&quot;aperture&quot;:&quot;0&quot;,&quot;credit&quot;:&quot;&quot;,&quot;camera&quot;:&quot;&quot;,&quot;caption&quot;:&quot;&quot;,&quot;created_timestamp&quot;:&quot;0&quot;,&quot;copyright&quot;:&quot;&quot;,&quot;focal_length&quot;:&quot;0&quot;,&quot;iso&quot;:&quot;0&quot;,&quot;shutter_speed&quot;:&quot;0&quot;,&quot;title&quot;:&quot;&quot;,&quot;orientation&quot;:&quot;0&quot;}\" data-image-title=\"egin zaitez lagun (1)\" data-image-description=\"\" data-image-caption=\"\" data-large-file=\"https:\/\/i0.wp.com\/musikaliaelkartea.eus\/wp-content\/uploads\/2019\/02\/egin-zaitez-lagun-1.png?fit=1024%2C256\" class=\"alignnone wp-image-2112 size-full\" src=\"https:\/\/i0.wp.com\/musikaliaelkartea.eus\/wp-content\/uploads\/2019\/02\/egin-zaitez-lagun-1.png?resize=1200%2C300\" alt=\"\" width=\"1200\" height=\"300\" srcset=\"https:\/\/i0.wp.com\/musikaliaelkartea.eus\/wp-content\/uploads\/2019\/02\/egin-zaitez-lagun-1.png?w=1200 1200w, https:\/\/i0.wp.com\/musikaliaelkartea.eus\/wp-content\/uploads\/2019\/02\/egin-zaitez-lagun-1.png?resize=300%2C75 300w, https:\/\/i0.wp.com\/musikaliaelkartea.eus\/wp-content\/uploads\/2019\/02\/egin-zaitez-lagun-1.png?resize=768%2C192 768w, https:\/\/i0.wp.com\/musikaliaelkartea.eus\/wp-content\/uploads\/2019\/02\/egin-zaitez-lagun-1.png?resize=1024%2C256 1024w\" sizes=\"(max-width: 1200px) 100vw, 1200px\" \/><\/a><\/figure>\r\n<!-- \/wp:columns --><!-- wp:post-content --><!-- wp:paragraph \/-->\r\n\r\n<!-- wp:heading -->\r\n<h2><a href=\"https:\/\/www.biotzalai.com\/txiki-abesbatza\/\">Biotz Alai txiki<\/a><\/h2>\r\n<!-- \/wp:heading -->\r\n\r\n<!-- wp:paragraph -->\r\n<p>Esta formaci\u00f3n naci\u00f3 bajo el amparo del coro Biotz Alai. Lo completan chicas y chicos de todas las edades. Empezaron a funcionar en el 2016. La primera actuaci\u00f3n oficial la ofrecieron en 2017 en el concierto de socios que ofrece anualmente el Biotz Alai. Este mismo a\u00f1o actuaron en Campos Eliseos de Bilbao con la obra \u00abcapelucita\u00bb. En marzo del 2018, cantaron en Donostia en el XII\u00ba encuentro de coros infantiles. Y en abril, volvieron a a actuar en Campos Eliseos con la obra \u00abla bella durmiente\u00bb. En mayo, ofrecieron en solitario un concierto en Santa Maria de Laredo en la Iglesia dentro del ciclo \u00abPrimaveras Pejinas\u00bb.<\/p>\r\n<!-- \/wp:paragraph -->\r\n\r\n<!-- wp:image {\"id\":2282,\"width\":698} -->\r\n<figure class=\"wp-block-image is-resized\"><img data-recalc-dims=\"1\" decoding=\"async\" data-attachment-id=\"2282\" data-permalink=\"http:\/\/musikaliaelkartea.eus\/es\/kolaboratzaileak\/41484447_2508689252491186_1170006038401777664_o\/\" data-orig-file=\"https:\/\/i0.wp.com\/musikaliaelkartea.eus\/wp-content\/uploads\/2019\/04\/41484447_2508689252491186_1170006038401777664_o.jpg?fit=2048%2C1365\" data-orig-size=\"2048,1365\" data-comments-opened=\"1\" data-image-meta=\"{&quot;aperture&quot;:&quot;0&quot;,&quot;credit&quot;:&quot;&quot;,&quot;camera&quot;:&quot;&quot;,&quot;caption&quot;:&quot;&quot;,&quot;created_timestamp&quot;:&quot;0&quot;,&quot;copyright&quot;:&quot;&quot;,&quot;focal_length&quot;:&quot;0&quot;,&quot;iso&quot;:&quot;0&quot;,&quot;shutter_speed&quot;:&quot;0&quot;,&quot;title&quot;:&quot;&quot;,&quot;orientation&quot;:&quot;0&quot;}\" data-image-title=\"41484447_2508689252491186_1170006038401777664_o\" data-image-description=\"\" data-image-caption=\"\" data-large-file=\"https:\/\/i0.wp.com\/musikaliaelkartea.eus\/wp-content\/uploads\/2019\/04\/41484447_2508689252491186_1170006038401777664_o.jpg?fit=1024%2C683\" class=\"wp-image-2282\" src=\"https:\/\/i0.wp.com\/musikaliaelkartea.eus\/wp-content\/uploads\/2019\/04\/41484447_2508689252491186_1170006038401777664_o.jpg?w=698\" alt=\"\"  srcset=\"https:\/\/i0.wp.com\/musikaliaelkartea.eus\/wp-content\/uploads\/2019\/04\/41484447_2508689252491186_1170006038401777664_o.jpg?resize=930%2C450 930w, https:\/\/i0.wp.com\/musikaliaelkartea.eus\/wp-content\/uploads\/2019\/04\/41484447_2508689252491186_1170006038401777664_o.jpg?zoom=2&amp;resize=930%2C450 1860w\" sizes=\"(max-width: 930px) 100vw, 930px\" \/><\/figure>\r\n<!-- \/wp:image -->\r\n\r\n<!-- wp:heading -->\r\n<h2><a href=\"https:\/\/www.facebook.com\/lilura.abesbatza\">Lilura abesbatza<\/a><\/h2>\r\n<!-- \/wp:heading -->\r\n\r\n<!-- wp:paragraph -->\r\n<p>2016ko Maiatzean sortu zen eta hurrengo ekainean, Getxoko Abesbatzen Egunean egin zuen bere aurkezpena. Abesbatza 5 eta 17 urte bitarteko 48 neska-mutilek osotzen dute.<\/p>\r\n<p>Bere sortzaile eta zuzendaria M\u00aa Asun Yanguas da. Aurten Getxoko Aixe saria jaso du ibilbide profesionala eta artistiko arloan.<\/p>\r\n<p>Denbora gutxi eroan arren kontzertu ugari eman dituzte, Bizkaian eta beste hainbat lekutan ere, Kantabria, Asturias eta Iparralden esate baterako.\u00a0 Aipagarria da 2017ko Maiatzean IV. Ciudad de Oviedo Haurren Abesbatzen Txapelketan lortutako 3. Saria.<\/p>\r\n<p>Getxo Txiki Kantaren antolatzaile eta parte hartzailea da, bertan, Euskal Herriko eta estatuko abesbatza desberdinek parte hartzen dute.<\/p>\r\n<p>2018an hainbat ekintzatan parte hartu zuen, esate baterako, Guggenheim Museoaren XX. Urteurreneko ospakisunean, haren sarreran filmatutako performance batean,<br \/>I Certamen Nacional de coros Infantiles Cuidad de Santanderren, Acerian Caballo\/Dostoyesvki antzerkian,eta baita Earth Songs Project proiektuan ere, rock talde bat eta 40 ahots zuri elkartzen dituen proiektu ikaragarrian, 70-80 hamarkadako rock abesti mitikoak abesten dituztelarik.<\/p>\r\n<!-- \/wp:paragraph -->\r\n\r\n<!-- wp:image {\"id\":2284} -->\r\n<figure class=\"wp-block-image\"><img data-recalc-dims=\"1\" loading=\"lazy\" decoding=\"async\" width=\"930\" height=\"450\" data-attachment-id=\"2284\" data-permalink=\"http:\/\/musikaliaelkartea.eus\/es\/kolaboratzaileak\/56649303_657420494714423_2360351573038596096_o\/\" data-orig-file=\"https:\/\/i0.wp.com\/musikaliaelkartea.eus\/wp-content\/uploads\/2019\/04\/56649303_657420494714423_2360351573038596096_o.jpg?fit=1600%2C1200\" data-orig-size=\"1600,1200\" data-comments-opened=\"1\" data-image-meta=\"{&quot;aperture&quot;:&quot;0&quot;,&quot;credit&quot;:&quot;&quot;,&quot;camera&quot;:&quot;&quot;,&quot;caption&quot;:&quot;&quot;,&quot;created_timestamp&quot;:&quot;0&quot;,&quot;copyright&quot;:&quot;&quot;,&quot;focal_length&quot;:&quot;0&quot;,&quot;iso&quot;:&quot;0&quot;,&quot;shutter_speed&quot;:&quot;0&quot;,&quot;title&quot;:&quot;&quot;,&quot;orientation&quot;:&quot;0&quot;}\" data-image-title=\"56649303_657420494714423_2360351573038596096_o\" data-image-description=\"\" data-image-caption=\"\" data-large-file=\"https:\/\/i0.wp.com\/musikaliaelkartea.eus\/wp-content\/uploads\/2019\/04\/56649303_657420494714423_2360351573038596096_o.jpg?fit=1024%2C768\" class=\"wp-image-2284\" src=\"https:\/\/i0.wp.com\/musikaliaelkartea.eus\/wp-content\/uploads\/2019\/04\/56649303_657420494714423_2360351573038596096_o.jpg?resize=930%2C450\" alt=\"\" \/><\/figure>\r\n<!-- \/wp:image -->\r\n\r\n<!-- wp:heading -->\r\n<h2>Kimetz Abesbatza<\/h2>\r\n<!-- \/wp:heading -->\r\n\r\n<!-- wp:paragraph -->\r\n<p>El coro Kimetz de Algorta naci\u00f3 en la Ikastola San Nikolas en el a\u00f1o 1973, teniendo como direcor a Altuna y M\u00aaIsabel y Miren Fresnedo ayudante.<br \/>De 2012 a 2017 fue Gotzon Lores quien ejerci\u00f3 de director del coro y le sucedieron Carlos Noain y Andoni martinez Bara\u00f1ano.<br \/>A d\u00eda de hoy, el coro est\u00e1 formado por 32 cantantes y est\u00e1 dirigido por Ricardo Ari\u00f1oren<\/p>\r\n<!-- \/wp:paragraph -->\r\n\r\n<!-- wp:image {\"id\":2285} -->\r\n<figure class=\"wp-block-image\"><img data-recalc-dims=\"1\" loading=\"lazy\" decoding=\"async\" width=\"1024\" height=\"384\" data-attachment-id=\"2285\" data-permalink=\"http:\/\/musikaliaelkartea.eus\/es\/kolaboratzaileak\/38049934_101696824103534_7782398667821940736_o\/\" data-orig-file=\"https:\/\/i0.wp.com\/musikaliaelkartea.eus\/wp-content\/uploads\/2019\/04\/38049934_101696824103534_7782398667821940736_o.jpg?fit=1708%2C640\" data-orig-size=\"1708,640\" data-comments-opened=\"1\" data-image-meta=\"{&quot;aperture&quot;:&quot;0&quot;,&quot;credit&quot;:&quot;P.Urresti&quot;,&quot;camera&quot;:&quot;&quot;,&quot;caption&quot;:&quot;&quot;,&quot;created_timestamp&quot;:&quot;0&quot;,&quot;copyright&quot;:&quot;&quot;,&quot;focal_length&quot;:&quot;0&quot;,&quot;iso&quot;:&quot;0&quot;,&quot;shutter_speed&quot;:&quot;0&quot;,&quot;title&quot;:&quot;&quot;,&quot;orientation&quot;:&quot;0&quot;}\" data-image-title=\"38049934_101696824103534_7782398667821940736_o\" data-image-description=\"\" data-image-caption=\"\" data-large-file=\"https:\/\/i0.wp.com\/musikaliaelkartea.eus\/wp-content\/uploads\/2019\/04\/38049934_101696824103534_7782398667821940736_o.jpg?fit=1024%2C384\" class=\"wp-image-2285\" src=\"https:\/\/i0.wp.com\/musikaliaelkartea.eus\/wp-content\/uploads\/2019\/04\/38049934_101696824103534_7782398667821940736_o.jpg?resize=1024%2C384\" alt=\"\" srcset=\"https:\/\/i0.wp.com\/musikaliaelkartea.eus\/wp-content\/uploads\/2019\/04\/38049934_101696824103534_7782398667821940736_o.jpg?resize=1024%2C384 1024w, https:\/\/i0.wp.com\/musikaliaelkartea.eus\/wp-content\/uploads\/2019\/04\/38049934_101696824103534_7782398667821940736_o.jpg?resize=300%2C112 300w, https:\/\/i0.wp.com\/musikaliaelkartea.eus\/wp-content\/uploads\/2019\/04\/38049934_101696824103534_7782398667821940736_o.jpg?resize=768%2C288 768w, https:\/\/i0.wp.com\/musikaliaelkartea.eus\/wp-content\/uploads\/2019\/04\/38049934_101696824103534_7782398667821940736_o.jpg?resize=801%2C300 801w, https:\/\/i0.wp.com\/musikaliaelkartea.eus\/wp-content\/uploads\/2019\/04\/38049934_101696824103534_7782398667821940736_o.jpg?w=1708 1708w\" sizes=\"(max-width: 1024px) 100vw, 1024px\" \/><\/figure>\r\n<!-- \/wp:image --><!-- \/wp:paragraph -->\r\n<p>&nbsp;<\/p>\r\n<!-- wp:columns -->\r\n<div class=\"wp-block-columns has-2-columns\"><!-- wp:column -->\r\n<div class=\"wp-block-column\"><!-- wp:paragraph {\"align\":\"center\"} --><\/div>\r\n<\/div>\r\n<figure class=\"wp-block-image\"><a href=\"http:\/\/musikaliaelkartea.eus\/es\/eman-izena-elkarteko-lagun\/\"><img data-recalc-dims=\"1\" fetchpriority=\"high\" decoding=\"async\" data-attachment-id=\"2112\" data-permalink=\"http:\/\/musikaliaelkartea.eus\/es\/2019\/02\/10\/egin-zaitez-elkarteko-lagun\/egin-zaitez-lagun-1\/\" data-orig-file=\"https:\/\/i0.wp.com\/musikaliaelkartea.eus\/wp-content\/uploads\/2019\/02\/egin-zaitez-lagun-1.png?fit=1200%2C300\" data-orig-size=\"1200,300\" data-comments-opened=\"1\" data-image-meta=\"{&quot;aperture&quot;:&quot;0&quot;,&quot;credit&quot;:&quot;&quot;,&quot;camera&quot;:&quot;&quot;,&quot;caption&quot;:&quot;&quot;,&quot;created_timestamp&quot;:&quot;0&quot;,&quot;copyright&quot;:&quot;&quot;,&quot;focal_length&quot;:&quot;0&quot;,&quot;iso&quot;:&quot;0&quot;,&quot;shutter_speed&quot;:&quot;0&quot;,&quot;title&quot;:&quot;&quot;,&quot;orientation&quot;:&quot;0&quot;}\" data-image-title=\"egin zaitez lagun (1)\" data-image-description=\"\" data-image-caption=\"\" data-large-file=\"https:\/\/i0.wp.com\/musikaliaelkartea.eus\/wp-content\/uploads\/2019\/02\/egin-zaitez-lagun-1.png?fit=1024%2C256\" class=\"alignnone wp-image-2112 size-full\" src=\"https:\/\/i0.wp.com\/musikaliaelkartea.eus\/wp-content\/uploads\/2019\/02\/egin-zaitez-lagun-1.png?resize=1200%2C300\" alt=\"\" width=\"1200\" height=\"300\" srcset=\"https:\/\/i0.wp.com\/musikaliaelkartea.eus\/wp-content\/uploads\/2019\/02\/egin-zaitez-lagun-1.png?w=1200 1200w, https:\/\/i0.wp.com\/musikaliaelkartea.eus\/wp-content\/uploads\/2019\/02\/egin-zaitez-lagun-1.png?resize=300%2C75 300w, https:\/\/i0.wp.com\/musikaliaelkartea.eus\/wp-content\/uploads\/2019\/02\/egin-zaitez-lagun-1.png?resize=768%2C192 768w, https:\/\/i0.wp.com\/musikaliaelkartea.eus\/wp-content\/uploads\/2019\/02\/egin-zaitez-lagun-1.png?resize=1024%2C256 1024w\" sizes=\"(max-width: 1200px) 100vw, 1200px\" \/><\/a><\/figure>\r\n<!-- \/wp:image --><!-- \/wp:post-content -->","protected":false},"excerpt":{"rendered":"<p>Disculpa, pero esta entrada est\u00e1 disponible s\u00f3lo en Euskera.<\/p>\n","protected":false},"author":1,"featured_media":2296,"parent":0,"menu_order":0,"comment_status":"closed","ping_status":"closed","template":"","meta":{"jetpack_post_was_ever_published":false,"footnotes":""},"class_list":["post-2279","page","type-page","status-publish","has-post-thumbnail","hentry"],"yoast_head":"<!-- This site is optimized with the Yoast SEO plugin v27.4 - https:\/\/yoast.com\/product\/yoast-seo-wordpress\/ -->\n<title>Colaboradores - Musikalia Elkartea<\/title>\n<meta name=\"robots\" content=\"index, follow, max-snippet:-1, max-image-preview:large, max-video-preview:-1\" \/>\n<link rel=\"canonical\" href=\"http:\/\/musikaliaelkartea.eus\/es\/kolaboratzaileak\/\" \/>\n<meta property=\"og:locale\" content=\"es_ES\" \/>\n<meta property=\"og:type\" content=\"article\" \/>\n<meta property=\"og:title\" content=\"[:eu]Kolaboratzaileak[:es]Colaboradores[:] - Musikalia Elkartea\" \/>\n<meta property=\"og:description\" content=\"Disculpa, pero esta entrada est\u00e1 disponible s\u00f3lo en Euskera.\" \/>\n<meta property=\"og:url\" content=\"http:\/\/musikaliaelkartea.eus\/es\/kolaboratzaileak\/\" \/>\n<meta property=\"og:site_name\" content=\"Musikalia Elkartea\" \/>\n<meta property=\"article:publisher\" content=\"https:\/\/www.facebook.com\/musikaliaelkartea\" \/>\n<meta property=\"article:modified_time\" content=\"2019-05-21T13:08:14+00:00\" \/>\n<meta property=\"og:image\" content=\"https:\/\/i0.wp.com\/musikaliaelkartea.eus\/wp-content\/uploads\/2019\/04\/1-1.png?fit=900%2C480\" \/>\n\t<meta property=\"og:image:width\" content=\"900\" \/>\n\t<meta property=\"og:image:height\" content=\"480\" \/>\n\t<meta property=\"og:image:type\" content=\"image\/png\" \/>\n<meta name=\"twitter:card\" content=\"summary_large_image\" \/>\n<meta name=\"twitter:label1\" content=\"Tiempo de lectura\" \/>\n\t<meta name=\"twitter:data1\" content=\"3 minutos\" \/>\n<script type=\"application\/ld+json\" class=\"yoast-schema-graph\">{\"@context\":\"https:\\\/\\\/schema.org\",\"@graph\":[{\"@type\":\"WebPage\",\"@id\":\"http:\\\/\\\/musikaliaelkartea.eus\\\/es\\\/kolaboratzaileak\\\/\",\"url\":\"http:\\\/\\\/musikaliaelkartea.eus\\\/es\\\/kolaboratzaileak\\\/\",\"name\":\"[:eu]Kolaboratzaileak[:es]Colaboradores[:] - Musikalia Elkartea\",\"isPartOf\":{\"@id\":\"https:\\\/\\\/musikaliaelkartea.eus\\\/es\\\/#website\"},\"primaryImageOfPage\":{\"@id\":\"http:\\\/\\\/musikaliaelkartea.eus\\\/es\\\/kolaboratzaileak\\\/#primaryimage\"},\"image\":{\"@id\":\"http:\\\/\\\/musikaliaelkartea.eus\\\/es\\\/kolaboratzaileak\\\/#primaryimage\"},\"thumbnailUrl\":\"https:\\\/\\\/i0.wp.com\\\/musikaliaelkartea.eus\\\/wp-content\\\/uploads\\\/2019\\\/04\\\/1-1.png?fit=900%2C480\",\"datePublished\":\"2019-04-11T13:21:48+00:00\",\"dateModified\":\"2019-05-21T13:08:14+00:00\",\"breadcrumb\":{\"@id\":\"http:\\\/\\\/musikaliaelkartea.eus\\\/es\\\/kolaboratzaileak\\\/#breadcrumb\"},\"inLanguage\":\"es\",\"potentialAction\":[{\"@type\":\"ReadAction\",\"target\":[\"http:\\\/\\\/musikaliaelkartea.eus\\\/es\\\/kolaboratzaileak\\\/\"]}]},{\"@type\":\"ImageObject\",\"inLanguage\":\"es\",\"@id\":\"http:\\\/\\\/musikaliaelkartea.eus\\\/es\\\/kolaboratzaileak\\\/#primaryimage\",\"url\":\"https:\\\/\\\/i0.wp.com\\\/musikaliaelkartea.eus\\\/wp-content\\\/uploads\\\/2019\\\/04\\\/1-1.png?fit=900%2C480\",\"contentUrl\":\"https:\\\/\\\/i0.wp.com\\\/musikaliaelkartea.eus\\\/wp-content\\\/uploads\\\/2019\\\/04\\\/1-1.png?fit=900%2C480\",\"width\":900,\"height\":480},{\"@type\":\"BreadcrumbList\",\"@id\":\"http:\\\/\\\/musikaliaelkartea.eus\\\/es\\\/kolaboratzaileak\\\/#breadcrumb\",\"itemListElement\":[{\"@type\":\"ListItem\",\"position\":1,\"name\":\"Home\",\"item\":\"https:\\\/\\\/musikaliaelkartea.eus\\\/es\\\/\"},{\"@type\":\"ListItem\",\"position\":2,\"name\":\"Colaboradores\"}]},{\"@type\":\"WebSite\",\"@id\":\"https:\\\/\\\/musikaliaelkartea.eus\\\/es\\\/#website\",\"url\":\"https:\\\/\\\/musikaliaelkartea.eus\\\/es\\\/\",\"name\":\"Musikalia Elkartea\",\"description\":\"\",\"publisher\":{\"@id\":\"https:\\\/\\\/musikaliaelkartea.eus\\\/es\\\/#organization\"},\"potentialAction\":[{\"@type\":\"SearchAction\",\"target\":{\"@type\":\"EntryPoint\",\"urlTemplate\":\"https:\\\/\\\/musikaliaelkartea.eus\\\/es\\\/?s={search_term_string}\"},\"query-input\":{\"@type\":\"PropertyValueSpecification\",\"valueRequired\":true,\"valueName\":\"search_term_string\"}}],\"inLanguage\":\"es\"},{\"@type\":\"Organization\",\"@id\":\"https:\\\/\\\/musikaliaelkartea.eus\\\/es\\\/#organization\",\"name\":\"Getxoko Andres Isasi Musikalia Elkartea\",\"url\":\"https:\\\/\\\/musikaliaelkartea.eus\\\/es\\\/\",\"logo\":{\"@type\":\"ImageObject\",\"inLanguage\":\"es\",\"@id\":\"https:\\\/\\\/musikaliaelkartea.eus\\\/es\\\/#\\\/schema\\\/logo\\\/image\\\/\",\"url\":\"https:\\\/\\\/i0.wp.com\\\/musikaliaelkartea.eus\\\/wp-content\\\/uploads\\\/2025\\\/03\\\/cropped-MUSIKALIA-LOGO-LARGO.png?fit=5455%2C1928\",\"contentUrl\":\"https:\\\/\\\/i0.wp.com\\\/musikaliaelkartea.eus\\\/wp-content\\\/uploads\\\/2025\\\/03\\\/cropped-MUSIKALIA-LOGO-LARGO.png?fit=5455%2C1928\",\"width\":5455,\"height\":1928,\"caption\":\"Getxoko Andres Isasi Musikalia Elkartea\"},\"image\":{\"@id\":\"https:\\\/\\\/musikaliaelkartea.eus\\\/es\\\/#\\\/schema\\\/logo\\\/image\\\/\"},\"sameAs\":[\"https:\\\/\\\/www.facebook.com\\\/musikaliaelkartea\",\"https:\\\/\\\/www.instagram.com\\\/musikaliaelkartea\\\/\",\"https:\\\/\\\/www.youtube.com\\\/channel\\\/UCYG_UH_Rv-34wbmS8nQ7mpg\"]}]}<\/script>\n<!-- \/ Yoast SEO plugin. -->","yoast_head_json":{"title":"[:eu]Kolaboratzaileak[:es]Colaboradores[:] - Musikalia Elkartea","robots":{"index":"index","follow":"follow","max-snippet":"max-snippet:-1","max-image-preview":"max-image-preview:large","max-video-preview":"max-video-preview:-1"},"canonical":"http:\/\/musikaliaelkartea.eus\/es\/kolaboratzaileak\/","og_locale":"es_ES","og_type":"article","og_title":"[:eu]Kolaboratzaileak[:es]Colaboradores[:] - Musikalia Elkartea","og_description":"Disculpa, pero esta entrada est\u00e1 disponible s\u00f3lo en Euskera.","og_url":"http:\/\/musikaliaelkartea.eus\/es\/kolaboratzaileak\/","og_site_name":"Musikalia Elkartea","article_publisher":"https:\/\/www.facebook.com\/musikaliaelkartea","article_modified_time":"2019-05-21T13:08:14+00:00","og_image":[{"width":900,"height":480,"url":"https:\/\/i0.wp.com\/musikaliaelkartea.eus\/wp-content\/uploads\/2019\/04\/1-1.png?fit=900%2C480","type":"image\/png"}],"twitter_card":"summary_large_image","twitter_misc":{"Tiempo de lectura":"3 minutos"},"schema":{"@context":"https:\/\/schema.org","@graph":[{"@type":"WebPage","@id":"http:\/\/musikaliaelkartea.eus\/es\/kolaboratzaileak\/","url":"http:\/\/musikaliaelkartea.eus\/es\/kolaboratzaileak\/","name":"[:eu]Kolaboratzaileak[:es]Colaboradores[:] - Musikalia Elkartea","isPartOf":{"@id":"https:\/\/musikaliaelkartea.eus\/es\/#website"},"primaryImageOfPage":{"@id":"http:\/\/musikaliaelkartea.eus\/es\/kolaboratzaileak\/#primaryimage"},"image":{"@id":"http:\/\/musikaliaelkartea.eus\/es\/kolaboratzaileak\/#primaryimage"},"thumbnailUrl":"https:\/\/i0.wp.com\/musikaliaelkartea.eus\/wp-content\/uploads\/2019\/04\/1-1.png?fit=900%2C480","datePublished":"2019-04-11T13:21:48+00:00","dateModified":"2019-05-21T13:08:14+00:00","breadcrumb":{"@id":"http:\/\/musikaliaelkartea.eus\/es\/kolaboratzaileak\/#breadcrumb"},"inLanguage":"es","potentialAction":[{"@type":"ReadAction","target":["http:\/\/musikaliaelkartea.eus\/es\/kolaboratzaileak\/"]}]},{"@type":"ImageObject","inLanguage":"es","@id":"http:\/\/musikaliaelkartea.eus\/es\/kolaboratzaileak\/#primaryimage","url":"https:\/\/i0.wp.com\/musikaliaelkartea.eus\/wp-content\/uploads\/2019\/04\/1-1.png?fit=900%2C480","contentUrl":"https:\/\/i0.wp.com\/musikaliaelkartea.eus\/wp-content\/uploads\/2019\/04\/1-1.png?fit=900%2C480","width":900,"height":480},{"@type":"BreadcrumbList","@id":"http:\/\/musikaliaelkartea.eus\/es\/kolaboratzaileak\/#breadcrumb","itemListElement":[{"@type":"ListItem","position":1,"name":"Home","item":"https:\/\/musikaliaelkartea.eus\/es\/"},{"@type":"ListItem","position":2,"name":"Colaboradores"}]},{"@type":"WebSite","@id":"https:\/\/musikaliaelkartea.eus\/es\/#website","url":"https:\/\/musikaliaelkartea.eus\/es\/","name":"Musikalia Elkartea","description":"","publisher":{"@id":"https:\/\/musikaliaelkartea.eus\/es\/#organization"},"potentialAction":[{"@type":"SearchAction","target":{"@type":"EntryPoint","urlTemplate":"https:\/\/musikaliaelkartea.eus\/es\/?s={search_term_string}"},"query-input":{"@type":"PropertyValueSpecification","valueRequired":true,"valueName":"search_term_string"}}],"inLanguage":"es"},{"@type":"Organization","@id":"https:\/\/musikaliaelkartea.eus\/es\/#organization","name":"Getxoko Andres Isasi Musikalia Elkartea","url":"https:\/\/musikaliaelkartea.eus\/es\/","logo":{"@type":"ImageObject","inLanguage":"es","@id":"https:\/\/musikaliaelkartea.eus\/es\/#\/schema\/logo\/image\/","url":"https:\/\/i0.wp.com\/musikaliaelkartea.eus\/wp-content\/uploads\/2025\/03\/cropped-MUSIKALIA-LOGO-LARGO.png?fit=5455%2C1928","contentUrl":"https:\/\/i0.wp.com\/musikaliaelkartea.eus\/wp-content\/uploads\/2025\/03\/cropped-MUSIKALIA-LOGO-LARGO.png?fit=5455%2C1928","width":5455,"height":1928,"caption":"Getxoko Andres Isasi Musikalia Elkartea"},"image":{"@id":"https:\/\/musikaliaelkartea.eus\/es\/#\/schema\/logo\/image\/"},"sameAs":["https:\/\/www.facebook.com\/musikaliaelkartea","https:\/\/www.instagram.com\/musikaliaelkartea\/","https:\/\/www.youtube.com\/channel\/UCYG_UH_Rv-34wbmS8nQ7mpg"]}]}},"jetpack_sharing_enabled":true,"jetpack_shortlink":"https:\/\/wp.me\/P8OhQz-AL","_links":{"self":[{"href":"http:\/\/musikaliaelkartea.eus\/es\/wp-json\/wp\/v2\/pages\/2279","targetHints":{"allow":["GET"]}}],"collection":[{"href":"http:\/\/musikaliaelkartea.eus\/es\/wp-json\/wp\/v2\/pages"}],"about":[{"href":"http:\/\/musikaliaelkartea.eus\/es\/wp-json\/wp\/v2\/types\/page"}],"author":[{"embeddable":true,"href":"http:\/\/musikaliaelkartea.eus\/es\/wp-json\/wp\/v2\/users\/1"}],"replies":[{"embeddable":true,"href":"http:\/\/musikaliaelkartea.eus\/es\/wp-json\/wp\/v2\/comments?post=2279"}],"version-history":[{"count":37,"href":"http:\/\/musikaliaelkartea.eus\/es\/wp-json\/wp\/v2\/pages\/2279\/revisions"}],"predecessor-version":[{"id":2692,"href":"http:\/\/musikaliaelkartea.eus\/es\/wp-json\/wp\/v2\/pages\/2279\/revisions\/2692"}],"wp:featuredmedia":[{"embeddable":true,"href":"http:\/\/musikaliaelkartea.eus\/es\/wp-json\/wp\/v2\/media\/2296"}],"wp:attachment":[{"href":"http:\/\/musikaliaelkartea.eus\/es\/wp-json\/wp\/v2\/media?parent=2279"}],"curies":[{"name":"wp","href":"https:\/\/api.w.org\/{rel}","templated":true}]}}