{"id":2269,"date":"2019-04-11T13:04:26","date_gmt":"2019-04-11T13:04:26","guid":{"rendered":"http:\/\/musikaliaelkartea.eus\/?page_id=2269"},"modified":"2019-05-02T18:47:22","modified_gmt":"2019-05-02T18:47:22","slug":"irribanda-getxo","status":"publish","type":"page","link":"http:\/\/musikaliaelkartea.eus\/es\/irribanda-getxo\/","title":{"rendered":"Proyecto irribanda"},"content":{"rendered":"<p><figure id=\"attachment_2287\" aria-describedby=\"caption-attachment-2287\" style=\"width: 315px\" class=\"wp-caption alignleft\"><img data-recalc-dims=\"1\" loading=\"lazy\" decoding=\"async\" data-attachment-id=\"2287\" data-permalink=\"http:\/\/musikaliaelkartea.eus\/es\/irribanda-getxo\/unnamed-2\/\" data-orig-file=\"https:\/\/i0.wp.com\/musikaliaelkartea.eus\/wp-content\/uploads\/2019\/04\/unnamed.jpg?fit=472%2C446\" data-orig-size=\"472,446\" data-comments-opened=\"1\" data-image-meta=\"{&quot;aperture&quot;:&quot;0&quot;,&quot;credit&quot;:&quot;&quot;,&quot;camera&quot;:&quot;&quot;,&quot;caption&quot;:&quot;&quot;,&quot;created_timestamp&quot;:&quot;0&quot;,&quot;copyright&quot;:&quot;&quot;,&quot;focal_length&quot;:&quot;0&quot;,&quot;iso&quot;:&quot;0&quot;,&quot;shutter_speed&quot;:&quot;0&quot;,&quot;title&quot;:&quot;&quot;,&quot;orientation&quot;:&quot;0&quot;}\" data-image-title=\"unnamed\" data-image-description=\"\" data-image-caption=\"\" data-large-file=\"https:\/\/i0.wp.com\/musikaliaelkartea.eus\/wp-content\/uploads\/2019\/04\/unnamed.jpg?fit=472%2C446\" class=\"wp-image-2287\" src=\"https:\/\/i0.wp.com\/musikaliaelkartea.eus\/wp-content\/uploads\/2019\/04\/unnamed.jpg?resize=315%2C297\" alt=\"\" width=\"315\" height=\"297\" srcset=\"https:\/\/i0.wp.com\/musikaliaelkartea.eus\/wp-content\/uploads\/2019\/04\/unnamed.jpg?resize=300%2C283 300w, https:\/\/i0.wp.com\/musikaliaelkartea.eus\/wp-content\/uploads\/2019\/04\/unnamed.jpg?resize=317%2C300 317w, https:\/\/i0.wp.com\/musikaliaelkartea.eus\/wp-content\/uploads\/2019\/04\/unnamed.jpg?w=472 472w\" sizes=\"(max-width: 315px) 100vw, 315px\" \/><figcaption id=\"caption-attachment-2287\" class=\"wp-caption-text\">Fuente: www.katxiporreta.eus<\/figcaption><\/figure><\/p>\n<p>El proyecto de Irribanda, es un formato creado por Katxiporreta. Tras el disco \u201cSentitu, Pentsatu, \u00a1Ekin!\u201d grabado junto a la Orquesta Sinf\u00f3nica de Euskadi, intentaron buscar un formato m\u00e1s accesible, encontrando en las bandas de m\u00fasica de los pueblos, la versatilidad y oportunidad de poder recorrer diferentes puntos de Euskal Herria colaborando con agrupaciones musicales locales.<\/p>\n<p>Pirritx, Porrotx y Marimotots contar\u00e1n con la ayuda de numerosos colaboradores. En primer lugar, la banda de la Asociaci\u00f3n Musikalia ser\u00e1 la principal protagonista del formato, encarg\u00e1ndose de poner melod\u00eda a las canciones del repertorio.<\/p>\n<p>Por \u00faltimo, los txalapartaris de Etorkizuna, guitarristas y cantantes locales acompa\u00f1ar\u00e1n en algunas de las canciones. El certamen pretende reunir a m\u00e1s de 120 protagonistas con el fin de realizar uno de los primeros grandes proyectos que acoger\u00e1 la sala Ereaga de Muxikebarri, con capacidad para 750 expectadores..<\/p>\n<hr \/>\n<h5 style=\"text-align: center;\">Los responsables de la Asociaci\u00f3n de Musikalia emprendimos el proyecto en septiembre en colaboraci\u00f3n con los miembros de Katxiporreta. La propuesta se present\u00f3 al departamento de cultura durante el mes de septiembre y nos reunimos con Xabier Zabala en octubre para empezar con el trabajo. La preparaci\u00f3n de los m\u00fasicos comenz\u00f3 en diciembre y la de los coros en febrero.<\/h5>\n<hr \/>\n<figure id=\"attachment_2289\" aria-describedby=\"caption-attachment-2289\" style=\"width: 296px\" class=\"wp-caption alignleft\"><img data-recalc-dims=\"1\" decoding=\"async\" data-attachment-id=\"2289\" data-permalink=\"http:\/\/musikaliaelkartea.eus\/es\/irribanda-getxo\/cartel-3\/\" data-orig-file=\"https:\/\/i0.wp.com\/musikaliaelkartea.eus\/wp-content\/uploads\/2019\/04\/Cartel-3.jpg?fit=595%2C841\" data-orig-size=\"595,841\" data-comments-opened=\"1\" data-image-meta=\"{&quot;aperture&quot;:&quot;0&quot;,&quot;credit&quot;:&quot;&quot;,&quot;camera&quot;:&quot;&quot;,&quot;caption&quot;:&quot;&quot;,&quot;created_timestamp&quot;:&quot;0&quot;,&quot;copyright&quot;:&quot;&quot;,&quot;focal_length&quot;:&quot;0&quot;,&quot;iso&quot;:&quot;0&quot;,&quot;shutter_speed&quot;:&quot;0&quot;,&quot;title&quot;:&quot;&quot;,&quot;orientation&quot;:&quot;1&quot;}\" data-image-title=\"Cartel 3\" data-image-description=\"\" data-image-caption=\"\" data-large-file=\"https:\/\/i0.wp.com\/musikaliaelkartea.eus\/wp-content\/uploads\/2019\/04\/Cartel-3.jpg?fit=595%2C841\" class=\"wp-image-2289\" src=\"https:\/\/i0.wp.com\/musikaliaelkartea.eus\/wp-content\/uploads\/2019\/04\/Cartel-3.jpg?resize=296%2C418\" alt=\"\" width=\"296\" height=\"418\" srcset=\"https:\/\/i0.wp.com\/musikaliaelkartea.eus\/wp-content\/uploads\/2019\/04\/Cartel-3.jpg?resize=212%2C300 212w, https:\/\/i0.wp.com\/musikaliaelkartea.eus\/wp-content\/uploads\/2019\/04\/Cartel-3.jpg?w=595 595w\" sizes=\"(max-width: 296px) 100vw, 296px\" \/><figcaption id=\"caption-attachment-2289\" class=\"wp-caption-text\">Dise\u00f1o: Aitor Baltziskueta<\/figcaption><\/figure>\n<p><strong>SENTITU, PENTSATU, EKIN!<\/strong><\/p>\n<ol>\n<li>Pirritx, Porrotx, Marimototx, Pupu eta Lore<\/li>\n<li>Akelarrean<\/li>\n<li>Eutsi goiari, ijito!<\/li>\n<li>Abuela Maria Luisa<\/li>\n<li>Titu &amp; Kintxo Barrilete<\/li>\n<li>Abordatzera!<\/li>\n<li>Muxu- truk<\/li>\n<li>UNBLENBLE!<\/li>\n<li>Minutu bat goizero<\/li>\n<li>Ez gaude salgai<\/li>\n<li>Gorriti Aztia<\/li>\n<li>Maite Zaitut<\/li>\n<\/ol>\n<p><img data-recalc-dims=\"1\" decoding=\"async\" data-attachment-id=\"2292\" data-permalink=\"http:\/\/musikaliaelkartea.eus\/es\/irribanda-getxo\/2-6\/\" data-orig-file=\"https:\/\/i0.wp.com\/musikaliaelkartea.eus\/wp-content\/uploads\/2019\/04\/2.png?fit=900%2C480\" data-orig-size=\"900,480\" data-comments-opened=\"1\" data-image-meta=\"{&quot;aperture&quot;:&quot;0&quot;,&quot;credit&quot;:&quot;&quot;,&quot;camera&quot;:&quot;&quot;,&quot;caption&quot;:&quot;&quot;,&quot;created_timestamp&quot;:&quot;0&quot;,&quot;copyright&quot;:&quot;&quot;,&quot;focal_length&quot;:&quot;0&quot;,&quot;iso&quot;:&quot;0&quot;,&quot;shutter_speed&quot;:&quot;0&quot;,&quot;title&quot;:&quot;&quot;,&quot;orientation&quot;:&quot;0&quot;}\" data-image-title=\"2\" data-image-description=\"\" data-image-caption=\"\" data-large-file=\"https:\/\/i0.wp.com\/musikaliaelkartea.eus\/wp-content\/uploads\/2019\/04\/2.png?fit=900%2C480\" class=\"size-full wp-image-2292 alignnone\" src=\"https:\/\/i0.wp.com\/musikaliaelkartea.eus\/wp-content\/uploads\/2019\/04\/2.png?resize=900%2C480\" alt=\"\" width=\"900\" height=\"480\" srcset=\"https:\/\/i0.wp.com\/musikaliaelkartea.eus\/wp-content\/uploads\/2019\/04\/2.png?w=900 900w, https:\/\/i0.wp.com\/musikaliaelkartea.eus\/wp-content\/uploads\/2019\/04\/2.png?resize=300%2C160 300w, https:\/\/i0.wp.com\/musikaliaelkartea.eus\/wp-content\/uploads\/2019\/04\/2.png?resize=768%2C410 768w, https:\/\/i0.wp.com\/musikaliaelkartea.eus\/wp-content\/uploads\/2019\/04\/2.png?resize=563%2C300 563w, https:\/\/i0.wp.com\/musikaliaelkartea.eus\/wp-content\/uploads\/2019\/04\/2.png?resize=750%2C400 750w\" sizes=\"(max-width: 900px) 100vw, 900px\" \/><\/p>","protected":false},"excerpt":{"rendered":"<p>El proyecto de Irribanda, es un formato creado por Katxiporreta. Tras el disco \u201cSentitu, Pentsatu, \u00a1Ekin!\u201d grabado junto a la Orquesta Sinf\u00f3nica de Euskadi, intentaron<a href=\"http:\/\/musikaliaelkartea.eus\/es\/irribanda-getxo\/\" class=\"more-link\">View More<\/a><\/p>\n","protected":false},"author":1,"featured_media":0,"parent":0,"menu_order":0,"comment_status":"closed","ping_status":"closed","template":"","meta":{"jetpack_post_was_ever_published":false,"footnotes":""},"class_list":["post-2269","page","type-page","status-publish","hentry"],"yoast_head":"<!-- This site is optimized with the Yoast SEO plugin v27.4 - https:\/\/yoast.com\/product\/yoast-seo-wordpress\/ -->\n<title>Proyecto irribanda - Musikalia Elkartea<\/title>\n<meta name=\"robots\" content=\"index, follow, max-snippet:-1, max-image-preview:large, max-video-preview:-1\" \/>\n<link rel=\"canonical\" href=\"http:\/\/musikaliaelkartea.eus\/es\/irribanda-getxo\/\" \/>\n<meta property=\"og:locale\" content=\"es_ES\" \/>\n<meta property=\"og:type\" content=\"article\" \/>\n<meta property=\"og:title\" content=\"[:eu]Irribanda proiektua[:es]Proyecto irribanda[:] - Musikalia Elkartea\" \/>\n<meta property=\"og:description\" content=\"El proyecto de Irribanda, es un formato creado por Katxiporreta. Tras el disco \u201cSentitu, Pentsatu, \u00a1Ekin!\u201d grabado junto a la Orquesta Sinf\u00f3nica de Euskadi, intentaronView More\" \/>\n<meta property=\"og:url\" content=\"http:\/\/musikaliaelkartea.eus\/es\/irribanda-getxo\/\" \/>\n<meta property=\"og:site_name\" content=\"Musikalia Elkartea\" \/>\n<meta property=\"article:publisher\" content=\"https:\/\/www.facebook.com\/musikaliaelkartea\" \/>\n<meta property=\"article:modified_time\" content=\"2019-05-02T18:47:22+00:00\" \/>\n<meta property=\"og:image\" content=\"http:\/\/musikaliaelkartea.eus\/wp-content\/uploads\/2019\/04\/unnamed-300x283.jpg\" \/>\n<meta name=\"twitter:card\" content=\"summary_large_image\" \/>\n<meta name=\"twitter:label1\" content=\"Tiempo de lectura\" \/>\n\t<meta name=\"twitter:data1\" content=\"3 minutos\" \/>\n<script type=\"application\/ld+json\" class=\"yoast-schema-graph\">{\"@context\":\"https:\\\/\\\/schema.org\",\"@graph\":[{\"@type\":\"WebPage\",\"@id\":\"http:\\\/\\\/musikaliaelkartea.eus\\\/es\\\/irribanda-getxo\\\/\",\"url\":\"http:\\\/\\\/musikaliaelkartea.eus\\\/es\\\/irribanda-getxo\\\/\",\"name\":\"[:eu]Irribanda proiektua[:es]Proyecto irribanda[:] - Musikalia Elkartea\",\"isPartOf\":{\"@id\":\"https:\\\/\\\/musikaliaelkartea.eus\\\/es\\\/#website\"},\"primaryImageOfPage\":{\"@id\":\"http:\\\/\\\/musikaliaelkartea.eus\\\/es\\\/irribanda-getxo\\\/#primaryimage\"},\"image\":{\"@id\":\"http:\\\/\\\/musikaliaelkartea.eus\\\/es\\\/irribanda-getxo\\\/#primaryimage\"},\"thumbnailUrl\":\"http:\\\/\\\/musikaliaelkartea.eus\\\/wp-content\\\/uploads\\\/2019\\\/04\\\/unnamed-300x283.jpg\",\"datePublished\":\"2019-04-11T13:04:26+00:00\",\"dateModified\":\"2019-05-02T18:47:22+00:00\",\"breadcrumb\":{\"@id\":\"http:\\\/\\\/musikaliaelkartea.eus\\\/es\\\/irribanda-getxo\\\/#breadcrumb\"},\"inLanguage\":\"es\",\"potentialAction\":[{\"@type\":\"ReadAction\",\"target\":[\"http:\\\/\\\/musikaliaelkartea.eus\\\/es\\\/irribanda-getxo\\\/\"]}]},{\"@type\":\"ImageObject\",\"inLanguage\":\"es\",\"@id\":\"http:\\\/\\\/musikaliaelkartea.eus\\\/es\\\/irribanda-getxo\\\/#primaryimage\",\"url\":\"http:\\\/\\\/musikaliaelkartea.eus\\\/wp-content\\\/uploads\\\/2019\\\/04\\\/unnamed-300x283.jpg\",\"contentUrl\":\"http:\\\/\\\/musikaliaelkartea.eus\\\/wp-content\\\/uploads\\\/2019\\\/04\\\/unnamed-300x283.jpg\"},{\"@type\":\"BreadcrumbList\",\"@id\":\"http:\\\/\\\/musikaliaelkartea.eus\\\/es\\\/irribanda-getxo\\\/#breadcrumb\",\"itemListElement\":[{\"@type\":\"ListItem\",\"position\":1,\"name\":\"Home\",\"item\":\"https:\\\/\\\/musikaliaelkartea.eus\\\/es\\\/\"},{\"@type\":\"ListItem\",\"position\":2,\"name\":\"Proyecto irribanda\"}]},{\"@type\":\"WebSite\",\"@id\":\"https:\\\/\\\/musikaliaelkartea.eus\\\/es\\\/#website\",\"url\":\"https:\\\/\\\/musikaliaelkartea.eus\\\/es\\\/\",\"name\":\"Musikalia Elkartea\",\"description\":\"\",\"publisher\":{\"@id\":\"https:\\\/\\\/musikaliaelkartea.eus\\\/es\\\/#organization\"},\"potentialAction\":[{\"@type\":\"SearchAction\",\"target\":{\"@type\":\"EntryPoint\",\"urlTemplate\":\"https:\\\/\\\/musikaliaelkartea.eus\\\/es\\\/?s={search_term_string}\"},\"query-input\":{\"@type\":\"PropertyValueSpecification\",\"valueRequired\":true,\"valueName\":\"search_term_string\"}}],\"inLanguage\":\"es\"},{\"@type\":\"Organization\",\"@id\":\"https:\\\/\\\/musikaliaelkartea.eus\\\/es\\\/#organization\",\"name\":\"Getxoko Andres Isasi Musikalia Elkartea\",\"url\":\"https:\\\/\\\/musikaliaelkartea.eus\\\/es\\\/\",\"logo\":{\"@type\":\"ImageObject\",\"inLanguage\":\"es\",\"@id\":\"https:\\\/\\\/musikaliaelkartea.eus\\\/es\\\/#\\\/schema\\\/logo\\\/image\\\/\",\"url\":\"https:\\\/\\\/i0.wp.com\\\/musikaliaelkartea.eus\\\/wp-content\\\/uploads\\\/2025\\\/03\\\/cropped-MUSIKALIA-LOGO-LARGO.png?fit=5455%2C1928\",\"contentUrl\":\"https:\\\/\\\/i0.wp.com\\\/musikaliaelkartea.eus\\\/wp-content\\\/uploads\\\/2025\\\/03\\\/cropped-MUSIKALIA-LOGO-LARGO.png?fit=5455%2C1928\",\"width\":5455,\"height\":1928,\"caption\":\"Getxoko Andres Isasi Musikalia Elkartea\"},\"image\":{\"@id\":\"https:\\\/\\\/musikaliaelkartea.eus\\\/es\\\/#\\\/schema\\\/logo\\\/image\\\/\"},\"sameAs\":[\"https:\\\/\\\/www.facebook.com\\\/musikaliaelkartea\",\"https:\\\/\\\/www.instagram.com\\\/musikaliaelkartea\\\/\",\"https:\\\/\\\/www.youtube.com\\\/channel\\\/UCYG_UH_Rv-34wbmS8nQ7mpg\"]}]}<\/script>\n<!-- \/ Yoast SEO plugin. -->","yoast_head_json":{"title":"[:eu]Irribanda proiektua[:es]Proyecto irribanda[:] - Musikalia Elkartea","robots":{"index":"index","follow":"follow","max-snippet":"max-snippet:-1","max-image-preview":"max-image-preview:large","max-video-preview":"max-video-preview:-1"},"canonical":"http:\/\/musikaliaelkartea.eus\/es\/irribanda-getxo\/","og_locale":"es_ES","og_type":"article","og_title":"[:eu]Irribanda proiektua[:es]Proyecto irribanda[:] - Musikalia Elkartea","og_description":"El proyecto de Irribanda, es un formato creado por Katxiporreta. Tras el disco \u201cSentitu, Pentsatu, \u00a1Ekin!\u201d grabado junto a la Orquesta Sinf\u00f3nica de Euskadi, intentaronView More","og_url":"http:\/\/musikaliaelkartea.eus\/es\/irribanda-getxo\/","og_site_name":"Musikalia Elkartea","article_publisher":"https:\/\/www.facebook.com\/musikaliaelkartea","article_modified_time":"2019-05-02T18:47:22+00:00","og_image":[{"url":"http:\/\/musikaliaelkartea.eus\/wp-content\/uploads\/2019\/04\/unnamed-300x283.jpg","type":"","width":"","height":""}],"twitter_card":"summary_large_image","twitter_misc":{"Tiempo de lectura":"3 minutos"},"schema":{"@context":"https:\/\/schema.org","@graph":[{"@type":"WebPage","@id":"http:\/\/musikaliaelkartea.eus\/es\/irribanda-getxo\/","url":"http:\/\/musikaliaelkartea.eus\/es\/irribanda-getxo\/","name":"[:eu]Irribanda proiektua[:es]Proyecto irribanda[:] - Musikalia Elkartea","isPartOf":{"@id":"https:\/\/musikaliaelkartea.eus\/es\/#website"},"primaryImageOfPage":{"@id":"http:\/\/musikaliaelkartea.eus\/es\/irribanda-getxo\/#primaryimage"},"image":{"@id":"http:\/\/musikaliaelkartea.eus\/es\/irribanda-getxo\/#primaryimage"},"thumbnailUrl":"http:\/\/musikaliaelkartea.eus\/wp-content\/uploads\/2019\/04\/unnamed-300x283.jpg","datePublished":"2019-04-11T13:04:26+00:00","dateModified":"2019-05-02T18:47:22+00:00","breadcrumb":{"@id":"http:\/\/musikaliaelkartea.eus\/es\/irribanda-getxo\/#breadcrumb"},"inLanguage":"es","potentialAction":[{"@type":"ReadAction","target":["http:\/\/musikaliaelkartea.eus\/es\/irribanda-getxo\/"]}]},{"@type":"ImageObject","inLanguage":"es","@id":"http:\/\/musikaliaelkartea.eus\/es\/irribanda-getxo\/#primaryimage","url":"http:\/\/musikaliaelkartea.eus\/wp-content\/uploads\/2019\/04\/unnamed-300x283.jpg","contentUrl":"http:\/\/musikaliaelkartea.eus\/wp-content\/uploads\/2019\/04\/unnamed-300x283.jpg"},{"@type":"BreadcrumbList","@id":"http:\/\/musikaliaelkartea.eus\/es\/irribanda-getxo\/#breadcrumb","itemListElement":[{"@type":"ListItem","position":1,"name":"Home","item":"https:\/\/musikaliaelkartea.eus\/es\/"},{"@type":"ListItem","position":2,"name":"Proyecto irribanda"}]},{"@type":"WebSite","@id":"https:\/\/musikaliaelkartea.eus\/es\/#website","url":"https:\/\/musikaliaelkartea.eus\/es\/","name":"Musikalia Elkartea","description":"","publisher":{"@id":"https:\/\/musikaliaelkartea.eus\/es\/#organization"},"potentialAction":[{"@type":"SearchAction","target":{"@type":"EntryPoint","urlTemplate":"https:\/\/musikaliaelkartea.eus\/es\/?s={search_term_string}"},"query-input":{"@type":"PropertyValueSpecification","valueRequired":true,"valueName":"search_term_string"}}],"inLanguage":"es"},{"@type":"Organization","@id":"https:\/\/musikaliaelkartea.eus\/es\/#organization","name":"Getxoko Andres Isasi Musikalia Elkartea","url":"https:\/\/musikaliaelkartea.eus\/es\/","logo":{"@type":"ImageObject","inLanguage":"es","@id":"https:\/\/musikaliaelkartea.eus\/es\/#\/schema\/logo\/image\/","url":"https:\/\/i0.wp.com\/musikaliaelkartea.eus\/wp-content\/uploads\/2025\/03\/cropped-MUSIKALIA-LOGO-LARGO.png?fit=5455%2C1928","contentUrl":"https:\/\/i0.wp.com\/musikaliaelkartea.eus\/wp-content\/uploads\/2025\/03\/cropped-MUSIKALIA-LOGO-LARGO.png?fit=5455%2C1928","width":5455,"height":1928,"caption":"Getxoko Andres Isasi Musikalia Elkartea"},"image":{"@id":"https:\/\/musikaliaelkartea.eus\/es\/#\/schema\/logo\/image\/"},"sameAs":["https:\/\/www.facebook.com\/musikaliaelkartea","https:\/\/www.instagram.com\/musikaliaelkartea\/","https:\/\/www.youtube.com\/channel\/UCYG_UH_Rv-34wbmS8nQ7mpg"]}]}},"jetpack_sharing_enabled":true,"jetpack_shortlink":"https:\/\/wp.me\/P8OhQz-AB","_links":{"self":[{"href":"http:\/\/musikaliaelkartea.eus\/es\/wp-json\/wp\/v2\/pages\/2269","targetHints":{"allow":["GET"]}}],"collection":[{"href":"http:\/\/musikaliaelkartea.eus\/es\/wp-json\/wp\/v2\/pages"}],"about":[{"href":"http:\/\/musikaliaelkartea.eus\/es\/wp-json\/wp\/v2\/types\/page"}],"author":[{"embeddable":true,"href":"http:\/\/musikaliaelkartea.eus\/es\/wp-json\/wp\/v2\/users\/1"}],"replies":[{"embeddable":true,"href":"http:\/\/musikaliaelkartea.eus\/es\/wp-json\/wp\/v2\/comments?post=2269"}],"version-history":[{"count":14,"href":"http:\/\/musikaliaelkartea.eus\/es\/wp-json\/wp\/v2\/pages\/2269\/revisions"}],"predecessor-version":[{"id":2585,"href":"http:\/\/musikaliaelkartea.eus\/es\/wp-json\/wp\/v2\/pages\/2269\/revisions\/2585"}],"wp:attachment":[{"href":"http:\/\/musikaliaelkartea.eus\/es\/wp-json\/wp\/v2\/media?parent=2269"}],"curies":[{"name":"wp","href":"https:\/\/api.w.org\/{rel}","templated":true}]}}