{"id":1844,"date":"2018-11-20T19:22:17","date_gmt":"2018-11-20T19:22:17","guid":{"rendered":"http:\/\/musikaliaelkartea.eus\/?page_id=1844"},"modified":"2023-09-05T19:36:30","modified_gmt":"2023-09-05T19:36:30","slug":"colaboraciones-destacadas","status":"publish","type":"page","link":"http:\/\/musikaliaelkartea.eus\/es\/colaboraciones-destacadas\/","title":{"rendered":"Colaboraciones destacadas"},"content":{"rendered":"<p><\/p>\n<h2>PEL\u00cdCULA \u00abLA HIGUERA DE LOS BASTARDOS\u00bb<\/h2>\n<p><img data-recalc-dims=\"1\" fetchpriority=\"high\" decoding=\"async\" data-attachment-id=\"1060\" data-permalink=\"http:\/\/musikaliaelkartea.eus\/es\/2017\/11\/23\/musikalia-alfonbra-gorrian\/img_20171122_211302_948-min\/\" data-orig-file=\"https:\/\/i0.wp.com\/musikaliaelkartea.eus\/wp-content\/uploads\/2017\/11\/IMG_20171122_211302_948-min.jpg?fit=2304%2C4096\" data-orig-size=\"2304,4096\" data-comments-opened=\"1\" data-image-meta=\"{&quot;aperture&quot;:&quot;0&quot;,&quot;credit&quot;:&quot;&quot;,&quot;camera&quot;:&quot;&quot;,&quot;caption&quot;:&quot;&quot;,&quot;created_timestamp&quot;:&quot;0&quot;,&quot;copyright&quot;:&quot;&quot;,&quot;focal_length&quot;:&quot;0&quot;,&quot;iso&quot;:&quot;0&quot;,&quot;shutter_speed&quot;:&quot;0&quot;,&quot;title&quot;:&quot;&quot;,&quot;orientation&quot;:&quot;0&quot;}\" data-image-title=\"IMG_20171122_211302_948-min\" data-image-description=\"\" data-image-caption=\"\" data-large-file=\"https:\/\/i0.wp.com\/musikaliaelkartea.eus\/wp-content\/uploads\/2017\/11\/IMG_20171122_211302_948-min.jpg?fit=576%2C1024\" class=\"alignright wp-image-1060 size-medium\" src=\"https:\/\/i0.wp.com\/musikaliaelkartea.eus\/wp-content\/uploads\/2017\/11\/IMG_20171122_211302_948-min.jpg?resize=169%2C300\" alt=\"\" width=\"169\" height=\"300\" srcset=\"https:\/\/i0.wp.com\/musikaliaelkartea.eus\/wp-content\/uploads\/2017\/11\/IMG_20171122_211302_948-min.jpg?resize=169%2C300 169w, https:\/\/i0.wp.com\/musikaliaelkartea.eus\/wp-content\/uploads\/2017\/11\/IMG_20171122_211302_948-min.jpg?resize=768%2C1365 768w, https:\/\/i0.wp.com\/musikaliaelkartea.eus\/wp-content\/uploads\/2017\/11\/IMG_20171122_211302_948-min.jpg?resize=576%2C1024 576w\" sizes=\"(max-width: 169px) 100vw, 169px\" \/>El 18 de julio de 2016 participamos en la grabaci\u00f3n de esta pel\u00edcula, basada en un libro escrito por el Getxotarra Ramiro Pinilla, autor que sit\u00faa todas sus obras en Getxo.<\/p>\n<p>La grabaci\u00f3n tubo lugar en el Portu Zaharra de Agorta y adem\u00e1s de participar como figurantes, grabamos varias piezas que se usaron en la pelicula, grabadas en la escuela de m\u00fasica Andr\u00e9s Isasi de Las Arenas.<\/p>\n<p>&nbsp;<\/p>\n<h2>URKO HERRIKOI &amp; MUSIKALIA<\/h2>\n<p>Con el fin de celebrar el D\u00eda Internacional de la M\u00fasica, invitamos al m\u00edtico canta-autor euskaldun Urko para repasar toda su trayectoria como cantante.<\/p>\n<p><span class=\"embed-youtube\" style=\"text-align:center; display: block;\"><iframe class=\"youtube-player\" width=\"1300\" height=\"732\" src=\"https:\/\/www.youtube.com\/embed\/af2kbBdkyRs?version=3&#038;rel=1&#038;showsearch=0&#038;showinfo=1&#038;iv_load_policy=1&#038;fs=1&#038;hl=es-ES&#038;autohide=2&#038;start=67&#038;wmode=transparent\" allowfullscreen=\"true\" style=\"border:0;\" sandbox=\"allow-scripts allow-same-origin allow-popups allow-presentation allow-popups-to-escape-sandbox\"><\/iframe><\/span><\/p>\n<h2>FET\u00c9N FET\u00c9N &amp; MUSIKALIA<\/h2>\n<p>Lo que en un principio parec\u00eda un experimento, termin\u00f3 siendo todo un \u00e9xito. Para celebrar el D\u00eda Internacional de la M\u00fasica, invitamos a estos dos genios de la m\u00fasica. Ya conoc\u00edamos de cerca el proyecto de Jorge y Diego, instrumentos ins\u00f3litos, m\u00fasica popular tradicional&#8230;<\/p>\n<p><span class=\"embed-youtube\" style=\"text-align:center; display: block;\"><iframe class=\"youtube-player\" width=\"1300\" height=\"732\" src=\"https:\/\/www.youtube.com\/embed\/wTQ_xflY69E?version=3&#038;rel=1&#038;showsearch=0&#038;showinfo=1&#038;iv_load_policy=1&#038;fs=1&#038;hl=es-ES&#038;autohide=2&#038;start=1&#038;wmode=transparent\" allowfullscreen=\"true\" style=\"border:0;\" sandbox=\"allow-scripts allow-same-origin allow-popups allow-presentation allow-popups-to-escape-sandbox\"><\/iframe><\/span><\/p>\n<h2>V\u00cdDEO DE NAVIDAD<\/h2>\n<p>Con el fin de desear unas buenas navidades y un prospero a\u00f1o nuevo, nos pusimos manos a la obra haciendo lo mejor que sabemos hacer.<\/p>\n<p><span class=\"embed-youtube\" style=\"text-align:center; display: block;\"><iframe class=\"youtube-player\" width=\"1300\" height=\"732\" src=\"https:\/\/www.youtube.com\/embed\/x7ZXA5ExBPg?version=3&#038;rel=1&#038;showsearch=0&#038;showinfo=1&#038;iv_load_policy=1&#038;fs=1&#038;hl=es-ES&#038;autohide=2&#038;wmode=transparent\" allowfullscreen=\"true\" style=\"border:0;\" sandbox=\"allow-scripts allow-same-origin allow-popups allow-presentation allow-popups-to-escape-sandbox\"><\/iframe><\/span><\/p>\n<h2>IRRIBANDA (2019\/06\/21)<\/h2>\n<p><span class=\"embed-youtube\" style=\"text-align:center; display: block;\"><iframe class=\"youtube-player\" width=\"1300\" height=\"732\" src=\"https:\/\/www.youtube.com\/embed\/L2sw5TxgsBM?version=3&#038;rel=1&#038;showsearch=0&#038;showinfo=1&#038;iv_load_policy=1&#038;fs=1&#038;hl=es-ES&#038;autohide=2&#038;wmode=transparent\" allowfullscreen=\"true\" style=\"border:0;\" sandbox=\"allow-scripts allow-same-origin allow-popups allow-presentation allow-popups-to-escape-sandbox\"><\/iframe><\/span><\/p>\n<h2><\/h2>\n<h2>SOROTAN BELE GOGOAN (2021eko maiatzean Larrabetzun, ekainean Getxon eta iralean Orozkon)<\/h2>\n<p><span class=\"embed-youtube\" style=\"text-align:center; display: block;\"><iframe class=\"youtube-player\" width=\"1300\" height=\"732\" src=\"https:\/\/www.youtube.com\/embed\/5NC7HFabfeA?version=3&#038;rel=1&#038;showsearch=0&#038;showinfo=1&#038;iv_load_policy=1&#038;fs=1&#038;hl=es-ES&#038;autohide=2&#038;wmode=transparent\" allowfullscreen=\"true\" style=\"border:0;\" sandbox=\"allow-scripts allow-same-origin allow-popups allow-presentation allow-popups-to-escape-sandbox\"><\/iframe><\/span><\/p>","protected":false},"excerpt":{"rendered":"<p>PEL\u00cdCULA \u00abLA HIGUERA DE LOS BASTARDOS\u00bb El 18 de julio de 2016 participamos en la grabaci\u00f3n de esta pel\u00edcula, basada en un libro escrito por<a href=\"http:\/\/musikaliaelkartea.eus\/es\/colaboraciones-destacadas\/\" class=\"more-link\">View More<\/a><\/p>\n","protected":false},"author":1,"featured_media":0,"parent":0,"menu_order":0,"comment_status":"closed","ping_status":"closed","template":"","meta":{"jetpack_post_was_ever_published":false,"footnotes":""},"class_list":["post-1844","page","type-page","status-publish","hentry"],"yoast_head":"<!-- This site is optimized with the Yoast SEO plugin v27.4 - https:\/\/yoast.com\/product\/yoast-seo-wordpress\/ -->\n<title>Colaboraciones destacadas - Musikalia Elkartea<\/title>\n<meta name=\"robots\" content=\"index, follow, max-snippet:-1, max-image-preview:large, max-video-preview:-1\" \/>\n<link rel=\"canonical\" href=\"http:\/\/musikaliaelkartea.eus\/es\/colaboraciones-destacadas\/\" \/>\n<meta property=\"og:locale\" content=\"es_ES\" \/>\n<meta property=\"og:type\" content=\"article\" \/>\n<meta property=\"og:title\" content=\"[:eu]Emanaldi aipagarrienak[:es]Colaboraciones destacadas[:] - Musikalia Elkartea\" \/>\n<meta property=\"og:description\" content=\"PEL\u00cdCULA \u00abLA HIGUERA DE LOS BASTARDOS\u00bb El 18 de julio de 2016 participamos en la grabaci\u00f3n de esta pel\u00edcula, basada en un libro escrito porView More\" \/>\n<meta property=\"og:url\" content=\"http:\/\/musikaliaelkartea.eus\/es\/colaboraciones-destacadas\/\" \/>\n<meta property=\"og:site_name\" content=\"Musikalia Elkartea\" \/>\n<meta property=\"article:publisher\" content=\"https:\/\/www.facebook.com\/musikaliaelkartea\" \/>\n<meta property=\"article:modified_time\" content=\"2023-09-05T19:36:30+00:00\" \/>\n<meta property=\"og:image\" content=\"http:\/\/musikaliaelkartea.eus\/wp-content\/uploads\/2017\/11\/IMG_20171122_211302_948-min-169x300.jpg\" \/>\n<meta name=\"twitter:card\" content=\"summary_large_image\" \/>\n<meta name=\"twitter:label1\" content=\"Tiempo de lectura\" \/>\n\t<meta name=\"twitter:data1\" content=\"3 minutos\" \/>\n<script type=\"application\/ld+json\" class=\"yoast-schema-graph\">{\"@context\":\"https:\\\/\\\/schema.org\",\"@graph\":[{\"@type\":\"WebPage\",\"@id\":\"http:\\\/\\\/musikaliaelkartea.eus\\\/es\\\/colaboraciones-destacadas\\\/\",\"url\":\"http:\\\/\\\/musikaliaelkartea.eus\\\/es\\\/colaboraciones-destacadas\\\/\",\"name\":\"[:eu]Emanaldi aipagarrienak[:es]Colaboraciones destacadas[:] - Musikalia Elkartea\",\"isPartOf\":{\"@id\":\"http:\\\/\\\/musikaliaelkartea.eus\\\/es\\\/#website\"},\"primaryImageOfPage\":{\"@id\":\"http:\\\/\\\/musikaliaelkartea.eus\\\/es\\\/colaboraciones-destacadas\\\/#primaryimage\"},\"image\":{\"@id\":\"http:\\\/\\\/musikaliaelkartea.eus\\\/es\\\/colaboraciones-destacadas\\\/#primaryimage\"},\"thumbnailUrl\":\"http:\\\/\\\/musikaliaelkartea.eus\\\/wp-content\\\/uploads\\\/2017\\\/11\\\/IMG_20171122_211302_948-min-169x300.jpg\",\"datePublished\":\"2018-11-20T19:22:17+00:00\",\"dateModified\":\"2023-09-05T19:36:30+00:00\",\"breadcrumb\":{\"@id\":\"http:\\\/\\\/musikaliaelkartea.eus\\\/es\\\/colaboraciones-destacadas\\\/#breadcrumb\"},\"inLanguage\":\"es\",\"potentialAction\":[{\"@type\":\"ReadAction\",\"target\":[\"http:\\\/\\\/musikaliaelkartea.eus\\\/es\\\/colaboraciones-destacadas\\\/\"]}]},{\"@type\":\"ImageObject\",\"inLanguage\":\"es\",\"@id\":\"http:\\\/\\\/musikaliaelkartea.eus\\\/es\\\/colaboraciones-destacadas\\\/#primaryimage\",\"url\":\"http:\\\/\\\/musikaliaelkartea.eus\\\/wp-content\\\/uploads\\\/2017\\\/11\\\/IMG_20171122_211302_948-min-169x300.jpg\",\"contentUrl\":\"http:\\\/\\\/musikaliaelkartea.eus\\\/wp-content\\\/uploads\\\/2017\\\/11\\\/IMG_20171122_211302_948-min-169x300.jpg\"},{\"@type\":\"BreadcrumbList\",\"@id\":\"http:\\\/\\\/musikaliaelkartea.eus\\\/es\\\/colaboraciones-destacadas\\\/#breadcrumb\",\"itemListElement\":[{\"@type\":\"ListItem\",\"position\":1,\"name\":\"Home\",\"item\":\"http:\\\/\\\/musikaliaelkartea.eus\\\/es\\\/\"},{\"@type\":\"ListItem\",\"position\":2,\"name\":\"Colaboraciones destacadas\"}]},{\"@type\":\"WebSite\",\"@id\":\"http:\\\/\\\/musikaliaelkartea.eus\\\/es\\\/#website\",\"url\":\"http:\\\/\\\/musikaliaelkartea.eus\\\/es\\\/\",\"name\":\"Musikalia Elkartea\",\"description\":\"\",\"publisher\":{\"@id\":\"http:\\\/\\\/musikaliaelkartea.eus\\\/es\\\/#organization\"},\"potentialAction\":[{\"@type\":\"SearchAction\",\"target\":{\"@type\":\"EntryPoint\",\"urlTemplate\":\"http:\\\/\\\/musikaliaelkartea.eus\\\/es\\\/?s={search_term_string}\"},\"query-input\":{\"@type\":\"PropertyValueSpecification\",\"valueRequired\":true,\"valueName\":\"search_term_string\"}}],\"inLanguage\":\"es\"},{\"@type\":\"Organization\",\"@id\":\"http:\\\/\\\/musikaliaelkartea.eus\\\/es\\\/#organization\",\"name\":\"Getxoko Andres Isasi Musikalia Elkartea\",\"url\":\"http:\\\/\\\/musikaliaelkartea.eus\\\/es\\\/\",\"logo\":{\"@type\":\"ImageObject\",\"inLanguage\":\"es\",\"@id\":\"http:\\\/\\\/musikaliaelkartea.eus\\\/es\\\/#\\\/schema\\\/logo\\\/image\\\/\",\"url\":\"https:\\\/\\\/i0.wp.com\\\/musikaliaelkartea.eus\\\/wp-content\\\/uploads\\\/2025\\\/03\\\/cropped-MUSIKALIA-LOGO-LARGO.png?fit=5455%2C1928\",\"contentUrl\":\"https:\\\/\\\/i0.wp.com\\\/musikaliaelkartea.eus\\\/wp-content\\\/uploads\\\/2025\\\/03\\\/cropped-MUSIKALIA-LOGO-LARGO.png?fit=5455%2C1928\",\"width\":5455,\"height\":1928,\"caption\":\"Getxoko Andres Isasi Musikalia Elkartea\"},\"image\":{\"@id\":\"http:\\\/\\\/musikaliaelkartea.eus\\\/es\\\/#\\\/schema\\\/logo\\\/image\\\/\"},\"sameAs\":[\"https:\\\/\\\/www.facebook.com\\\/musikaliaelkartea\",\"https:\\\/\\\/www.instagram.com\\\/musikaliaelkartea\\\/\",\"https:\\\/\\\/www.youtube.com\\\/channel\\\/UCYG_UH_Rv-34wbmS8nQ7mpg\"]}]}<\/script>\n<!-- \/ Yoast SEO plugin. -->","yoast_head_json":{"title":"[:eu]Emanaldi aipagarrienak[:es]Colaboraciones destacadas[:] - Musikalia Elkartea","robots":{"index":"index","follow":"follow","max-snippet":"max-snippet:-1","max-image-preview":"max-image-preview:large","max-video-preview":"max-video-preview:-1"},"canonical":"http:\/\/musikaliaelkartea.eus\/es\/colaboraciones-destacadas\/","og_locale":"es_ES","og_type":"article","og_title":"[:eu]Emanaldi aipagarrienak[:es]Colaboraciones destacadas[:] - Musikalia Elkartea","og_description":"PEL\u00cdCULA \u00abLA HIGUERA DE LOS BASTARDOS\u00bb El 18 de julio de 2016 participamos en la grabaci\u00f3n de esta pel\u00edcula, basada en un libro escrito porView More","og_url":"http:\/\/musikaliaelkartea.eus\/es\/colaboraciones-destacadas\/","og_site_name":"Musikalia Elkartea","article_publisher":"https:\/\/www.facebook.com\/musikaliaelkartea","article_modified_time":"2023-09-05T19:36:30+00:00","og_image":[{"url":"http:\/\/musikaliaelkartea.eus\/wp-content\/uploads\/2017\/11\/IMG_20171122_211302_948-min-169x300.jpg","type":"","width":"","height":""}],"twitter_card":"summary_large_image","twitter_misc":{"Tiempo de lectura":"3 minutos"},"schema":{"@context":"https:\/\/schema.org","@graph":[{"@type":"WebPage","@id":"http:\/\/musikaliaelkartea.eus\/es\/colaboraciones-destacadas\/","url":"http:\/\/musikaliaelkartea.eus\/es\/colaboraciones-destacadas\/","name":"[:eu]Emanaldi aipagarrienak[:es]Colaboraciones destacadas[:] - Musikalia Elkartea","isPartOf":{"@id":"http:\/\/musikaliaelkartea.eus\/es\/#website"},"primaryImageOfPage":{"@id":"http:\/\/musikaliaelkartea.eus\/es\/colaboraciones-destacadas\/#primaryimage"},"image":{"@id":"http:\/\/musikaliaelkartea.eus\/es\/colaboraciones-destacadas\/#primaryimage"},"thumbnailUrl":"http:\/\/musikaliaelkartea.eus\/wp-content\/uploads\/2017\/11\/IMG_20171122_211302_948-min-169x300.jpg","datePublished":"2018-11-20T19:22:17+00:00","dateModified":"2023-09-05T19:36:30+00:00","breadcrumb":{"@id":"http:\/\/musikaliaelkartea.eus\/es\/colaboraciones-destacadas\/#breadcrumb"},"inLanguage":"es","potentialAction":[{"@type":"ReadAction","target":["http:\/\/musikaliaelkartea.eus\/es\/colaboraciones-destacadas\/"]}]},{"@type":"ImageObject","inLanguage":"es","@id":"http:\/\/musikaliaelkartea.eus\/es\/colaboraciones-destacadas\/#primaryimage","url":"http:\/\/musikaliaelkartea.eus\/wp-content\/uploads\/2017\/11\/IMG_20171122_211302_948-min-169x300.jpg","contentUrl":"http:\/\/musikaliaelkartea.eus\/wp-content\/uploads\/2017\/11\/IMG_20171122_211302_948-min-169x300.jpg"},{"@type":"BreadcrumbList","@id":"http:\/\/musikaliaelkartea.eus\/es\/colaboraciones-destacadas\/#breadcrumb","itemListElement":[{"@type":"ListItem","position":1,"name":"Home","item":"http:\/\/musikaliaelkartea.eus\/es\/"},{"@type":"ListItem","position":2,"name":"Colaboraciones destacadas"}]},{"@type":"WebSite","@id":"http:\/\/musikaliaelkartea.eus\/es\/#website","url":"http:\/\/musikaliaelkartea.eus\/es\/","name":"Musikalia Elkartea","description":"","publisher":{"@id":"http:\/\/musikaliaelkartea.eus\/es\/#organization"},"potentialAction":[{"@type":"SearchAction","target":{"@type":"EntryPoint","urlTemplate":"http:\/\/musikaliaelkartea.eus\/es\/?s={search_term_string}"},"query-input":{"@type":"PropertyValueSpecification","valueRequired":true,"valueName":"search_term_string"}}],"inLanguage":"es"},{"@type":"Organization","@id":"http:\/\/musikaliaelkartea.eus\/es\/#organization","name":"Getxoko Andres Isasi Musikalia Elkartea","url":"http:\/\/musikaliaelkartea.eus\/es\/","logo":{"@type":"ImageObject","inLanguage":"es","@id":"http:\/\/musikaliaelkartea.eus\/es\/#\/schema\/logo\/image\/","url":"https:\/\/i0.wp.com\/musikaliaelkartea.eus\/wp-content\/uploads\/2025\/03\/cropped-MUSIKALIA-LOGO-LARGO.png?fit=5455%2C1928","contentUrl":"https:\/\/i0.wp.com\/musikaliaelkartea.eus\/wp-content\/uploads\/2025\/03\/cropped-MUSIKALIA-LOGO-LARGO.png?fit=5455%2C1928","width":5455,"height":1928,"caption":"Getxoko Andres Isasi Musikalia Elkartea"},"image":{"@id":"http:\/\/musikaliaelkartea.eus\/es\/#\/schema\/logo\/image\/"},"sameAs":["https:\/\/www.facebook.com\/musikaliaelkartea","https:\/\/www.instagram.com\/musikaliaelkartea\/","https:\/\/www.youtube.com\/channel\/UCYG_UH_Rv-34wbmS8nQ7mpg"]}]}},"jetpack_sharing_enabled":true,"jetpack_shortlink":"https:\/\/wp.me\/P8OhQz-tK","_links":{"self":[{"href":"http:\/\/musikaliaelkartea.eus\/es\/wp-json\/wp\/v2\/pages\/1844","targetHints":{"allow":["GET"]}}],"collection":[{"href":"http:\/\/musikaliaelkartea.eus\/es\/wp-json\/wp\/v2\/pages"}],"about":[{"href":"http:\/\/musikaliaelkartea.eus\/es\/wp-json\/wp\/v2\/types\/page"}],"author":[{"embeddable":true,"href":"http:\/\/musikaliaelkartea.eus\/es\/wp-json\/wp\/v2\/users\/1"}],"replies":[{"embeddable":true,"href":"http:\/\/musikaliaelkartea.eus\/es\/wp-json\/wp\/v2\/comments?post=1844"}],"version-history":[{"count":10,"href":"http:\/\/musikaliaelkartea.eus\/es\/wp-json\/wp\/v2\/pages\/1844\/revisions"}],"predecessor-version":[{"id":119287,"href":"http:\/\/musikaliaelkartea.eus\/es\/wp-json\/wp\/v2\/pages\/1844\/revisions\/119287"}],"wp:attachment":[{"href":"http:\/\/musikaliaelkartea.eus\/es\/wp-json\/wp\/v2\/media?parent=1844"}],"curies":[{"name":"wp","href":"https:\/\/api.w.org\/{rel}","templated":true}]}}